{"id":1907,"date":"2022-08-23T10:17:47","date_gmt":"2022-08-23T10:17:47","guid":{"rendered":"https:\/\/apartamentos-centro.com\/apartamentos-centro-jardines\/"},"modified":"2022-08-23T10:17:55","modified_gmt":"2022-08-23T10:17:55","slug":"apartamentos-centro-jardines","status":"publish","type":"page","link":"https:\/\/apartamentos-centro.com\/en\/apartamentos-centro-jardines\/","title":{"rendered":"Apartamentos Centro Jardines"},"content":{"rendered":"\t\t<div data-elementor-type=\"wp-page\" data-elementor-id=\"1907\" class=\"elementor elementor-1907\" data-elementor-post-type=\"page\">\n\t\t\t\t\t\t<section class=\"elementor-section elementor-top-section elementor-element elementor-element-17b03ae2 elementor-section-height-min-height elementor-section-boxed elementor-section-height-default elementor-section-items-middle\" data-id=\"17b03ae2\" data-element_type=\"section\" data-e-type=\"section\" data-settings=\"{&quot;background_background&quot;:&quot;classic&quot;}\">\n\t\t\t\t\t\t\t<div class=\"elementor-background-overlay\"><\/div>\n\t\t\t\t\t\t\t<div class=\"elementor-container elementor-column-gap-default\">\n\t\t\t\t\t<div class=\"elementor-column elementor-col-100 elementor-top-column elementor-element elementor-element-113e6a09\" data-id=\"113e6a09\" data-element_type=\"column\" data-e-type=\"column\">\n\t\t\t<div class=\"elementor-widget-wrap elementor-element-populated\">\n\t\t\t\t\t\t<div class=\"elementor-element elementor-element-4a756d48 elementor-widget elementor-widget-heading\" data-id=\"4a756d48\" data-element_type=\"widget\" data-e-type=\"widget\" data-widget_type=\"heading.default\">\n\t\t\t\t<div class=\"elementor-widget-container\">\n\t\t\t\t\t<h2 class=\"elementor-heading-title elementor-size-default\">Apartamentos Centro<\/h2>\t\t\t\t<\/div>\n\t\t\t\t<\/div>\n\t\t\t\t<div class=\"elementor-element elementor-element-202251e0 elementor-widget elementor-widget-heading\" data-id=\"202251e0\" data-element_type=\"widget\" data-e-type=\"widget\" data-widget_type=\"heading.default\">\n\t\t\t\t<div class=\"elementor-widget-container\">\n\t\t\t\t\t<h2 class=\"elementor-heading-title elementor-size-default\">Jardines<\/h2>\t\t\t\t<\/div>\n\t\t\t\t<\/div>\n\t\t\t\t\t<\/div>\n\t\t<\/div>\n\t\t\t\t\t<\/div>\n\t\t<\/section>\n\t\t\t\t<section class=\"elementor-section elementor-top-section elementor-element elementor-element-41fcef0e elementor-section-boxed elementor-section-height-default elementor-section-height-default\" data-id=\"41fcef0e\" data-element_type=\"section\" data-e-type=\"section\">\n\t\t\t\t\t\t<div class=\"elementor-container elementor-column-gap-default\">\n\t\t\t\t\t<div class=\"elementor-column elementor-col-100 elementor-top-column elementor-element elementor-element-1c307bdd\" data-id=\"1c307bdd\" data-element_type=\"column\" data-e-type=\"column\">\n\t\t\t<div class=\"elementor-widget-wrap elementor-element-populated\">\n\t\t\t\t\t\t<div class=\"elementor-element elementor-element-760a54db elementor-widget elementor-widget-shortcode\" data-id=\"760a54db\" data-element_type=\"widget\" data-e-type=\"widget\" data-widget_type=\"shortcode.default\">\n\t\t\t\t<div class=\"elementor-widget-container\">\n\t\t\t\t\t\t\t<div class=\"elementor-shortcode\"><\/div>\n\t\t\t\t\t\t<\/div>\n\t\t\t\t<\/div>\n\t\t\t\t\t<\/div>\n\t\t<\/div>\n\t\t\t\t\t<\/div>\n\t\t<\/section>\n\t\t\t\t<section class=\"elementor-section elementor-top-section elementor-element elementor-element-2e009c0b elementor-section-boxed elementor-section-height-default elementor-section-height-default elementor-invisible\" data-id=\"2e009c0b\" data-element_type=\"section\" data-e-type=\"section\" data-settings=\"{&quot;animation&quot;:&quot;fadeInUp&quot;}\">\n\t\t\t\t\t\t<div class=\"elementor-container elementor-column-gap-default\">\n\t\t\t\t\t<div class=\"elementor-column elementor-col-100 elementor-top-column elementor-element elementor-element-34b010ce\" data-id=\"34b010ce\" data-element_type=\"column\" data-e-type=\"column\" data-settings=\"{&quot;background_background&quot;:&quot;classic&quot;}\">\n\t\t\t<div class=\"elementor-widget-wrap elementor-element-populated\">\n\t\t\t\t\t\t<div class=\"elementor-element elementor-element-158d674e elementor-widget__width-initial elementor-widget elementor-widget-image\" data-id=\"158d674e\" data-element_type=\"widget\" data-e-type=\"widget\" data-widget_type=\"image.default\">\n\t\t\t\t<div class=\"elementor-widget-container\">\n\t\t\t\t\t\t\t\t\t\t\t\t\t\t\t<img decoding=\"async\" width=\"250\" height=\"168\" src=\"https:\/\/apartamentos-centro.com\/en\/wp-content\/uploads\/sites\/2\/Logo-Apartamentos-Centro.webp\" class=\"attachment-large size-large wp-image-1752\" alt=\"Logo Apartamentos Centro\" \/>\t\t\t\t\t\t\t\t\t\t\t\t\t\t\t<\/div>\n\t\t\t\t<\/div>\n\t\t\t\t<div class=\"elementor-element elementor-element-47348bd6 elementor-widget elementor-widget-heading\" data-id=\"47348bd6\" data-element_type=\"widget\" data-e-type=\"widget\" data-widget_type=\"heading.default\">\n\t\t\t\t<div class=\"elementor-widget-container\">\n\t\t\t\t\t<h2 class=\"elementor-heading-title elementor-size-default\">Apartamentos Centro<\/h2>\t\t\t\t<\/div>\n\t\t\t\t<\/div>\n\t\t\t\t<div class=\"elementor-element elementor-element-71fe9601 elementor-widget elementor-widget-heading\" data-id=\"71fe9601\" data-element_type=\"widget\" data-e-type=\"widget\" data-widget_type=\"heading.default\">\n\t\t\t\t<div class=\"elementor-widget-container\">\n\t\t\t\t\t<h2 class=\"elementor-heading-title elementor-size-default\">Jardines<\/h2>\t\t\t\t<\/div>\n\t\t\t\t<\/div>\n\t\t\t\t<div class=\"elementor-element elementor-element-39830c67 elementor-widget elementor-widget-heading\" data-id=\"39830c67\" data-element_type=\"widget\" data-e-type=\"widget\" data-widget_type=\"heading.default\">\n\t\t\t\t<div class=\"elementor-widget-container\">\n\t\t\t\t\t<h4 class=\"elementor-heading-title elementor-size-default\">Elige el apartamento que m\u00e1s se ajuste a tu gusto<\/h4>\t\t\t\t<\/div>\n\t\t\t\t<\/div>\n\t\t\t\t<div class=\"elementor-element elementor-element-2f5fc7de elementor-widget elementor-widget-text-editor\" data-id=\"2f5fc7de\" data-element_type=\"widget\" data-e-type=\"widget\" data-widget_type=\"text-editor.default\">\n\t\t\t\t<div class=\"elementor-widget-container\">\n\t\t\t\t\t\t\t\t\t<p style=\"text-align: center;\">Disponemos de 5 tipos de apartamentos. La mayor\u00eda de sus habitaciones disfrutan de excelentes vistas a la ciudad de Madrid<\/p>\t\t\t\t\t\t\t\t<\/div>\n\t\t\t\t<\/div>\n\t\t\t\t<section class=\"elementor-section elementor-inner-section elementor-element elementor-element-7768acf1 elementor-section-boxed elementor-section-height-default elementor-section-height-default\" data-id=\"7768acf1\" data-element_type=\"section\" data-e-type=\"section\">\n\t\t\t\t\t\t<div class=\"elementor-container elementor-column-gap-default\">\n\t\t\t\t\t<div class=\"elementor-column elementor-col-50 elementor-inner-column elementor-element elementor-element-2189a551\" data-id=\"2189a551\" data-element_type=\"column\" data-e-type=\"column\">\n\t\t\t<div class=\"elementor-widget-wrap elementor-element-populated\">\n\t\t\t\t\t\t<div class=\"elementor-element elementor-element-3143a64b elementor-widget elementor-widget-image\" data-id=\"3143a64b\" data-element_type=\"widget\" data-e-type=\"widget\" data-widget_type=\"image.default\">\n\t\t\t\t<div class=\"elementor-widget-container\">\n\t\t\t\t\t\t\t\t\t\t\t\t\t\t\t<img fetchpriority=\"high\" decoding=\"async\" width=\"800\" height=\"534\" src=\"https:\/\/apartamentos-centro.com\/en\/wp-content\/uploads\/sites\/2\/Apartamento-estudio-cocina-en-apartamentos-centro-jardines-Madrid.webp\" class=\"attachment-large size-large wp-image-1880\" alt=\"Apartamento estudio cocina en apartamentos centro jardines Madrid\" srcset=\"https:\/\/apartamentos-centro.com\/en\/wp-content\/uploads\/sites\/2\/Apartamento-estudio-cocina-en-apartamentos-centro-jardines-Madrid.webp 1000w, https:\/\/apartamentos-centro.com\/en\/wp-content\/uploads\/sites\/2\/Apartamento-estudio-cocina-en-apartamentos-centro-jardines-Madrid-300x200.webp 300w, https:\/\/apartamentos-centro.com\/en\/wp-content\/uploads\/sites\/2\/Apartamento-estudio-cocina-en-apartamentos-centro-jardines-Madrid-768x512.webp 768w\" sizes=\"(max-width: 800px) 100vw, 800px\" \/>\t\t\t\t\t\t\t\t\t\t\t\t\t\t\t<\/div>\n\t\t\t\t<\/div>\n\t\t\t\t\t<\/div>\n\t\t<\/div>\n\t\t\t\t<div class=\"elementor-column elementor-col-50 elementor-inner-column elementor-element elementor-element-25fd68e4\" data-id=\"25fd68e4\" data-element_type=\"column\" data-e-type=\"column\">\n\t\t\t<div class=\"elementor-widget-wrap elementor-element-populated\">\n\t\t\t\t\t\t<div class=\"elementor-element elementor-element-3e25dc51 elementor-widget elementor-widget-heading\" data-id=\"3e25dc51\" data-element_type=\"widget\" data-e-type=\"widget\" data-widget_type=\"heading.default\">\n\t\t\t\t<div class=\"elementor-widget-container\">\n\t\t\t\t\t<h4 class=\"elementor-heading-title elementor-size-default\">Apartamento estudio<\/h4>\t\t\t\t<\/div>\n\t\t\t\t<\/div>\n\t\t\t\t<div class=\"elementor-element elementor-element-28379870 elementor-widget-divider--view-line elementor-widget elementor-widget-divider\" data-id=\"28379870\" data-element_type=\"widget\" data-e-type=\"widget\" data-widget_type=\"divider.default\">\n\t\t\t\t<div class=\"elementor-widget-container\">\n\t\t\t\t\t\t\t<div class=\"elementor-divider\">\n\t\t\t<span class=\"elementor-divider-separator\">\n\t\t\t\t\t\t<\/span>\n\t\t<\/div>\n\t\t\t\t\t\t<\/div>\n\t\t\t\t<\/div>\n\t\t\t\t<div class=\"elementor-element elementor-element-2f7d5a50 elementor-widget-mobile__width-inherit elementor-widget elementor-widget-text-editor\" data-id=\"2f7d5a50\" data-element_type=\"widget\" data-e-type=\"widget\" data-widget_type=\"text-editor.default\">\n\t\t\t\t<div class=\"elementor-widget-container\">\n\t\t\t\t\t\t\t\t\t<p style=\"text-align: justify;\">Apartamento doble con capacidad para 2 personas, fant\u00e1stico para disfrutar de unos d\u00edas en pareja en el pleno centro tur\u00edstico de Madrid.<\/p>\t\t\t\t\t\t\t\t<\/div>\n\t\t\t\t<\/div>\n\t\t\t\t<div class=\"elementor-element elementor-element-19bd7675 elementor-align-left elementor-widget elementor-widget-button\" data-id=\"19bd7675\" data-element_type=\"widget\" data-e-type=\"widget\" data-widget_type=\"button.default\">\n\t\t\t\t<div class=\"elementor-widget-container\">\n\t\t\t\t\t\t\t\t\t<div class=\"elementor-button-wrapper\">\n\t\t\t\t\t<a class=\"elementor-button elementor-button-link elementor-size-md elementor-animation-shrink\" href=\"https:\/\/apartamentoscentrojardines.com.aviratodesign.com\/apartamentos-centro-jardines\/apartamento-estudio\/\">\n\t\t\t\t\t\t<span class=\"elementor-button-content-wrapper\">\n\t\t\t\t\t\t\t\t\t<span class=\"elementor-button-text\">VER APARTAMENTO \u2192<\/span>\n\t\t\t\t\t<\/span>\n\t\t\t\t\t<\/a>\n\t\t\t\t<\/div>\n\t\t\t\t\t\t\t\t<\/div>\n\t\t\t\t<\/div>\n\t\t\t\t\t<\/div>\n\t\t<\/div>\n\t\t\t\t\t<\/div>\n\t\t<\/section>\n\t\t\t\t<section class=\"elementor-section elementor-inner-section elementor-element elementor-element-5675c140 elementor-section-boxed elementor-section-height-default elementor-section-height-default\" data-id=\"5675c140\" data-element_type=\"section\" data-e-type=\"section\">\n\t\t\t\t\t\t<div class=\"elementor-container elementor-column-gap-default\">\n\t\t\t\t\t<div class=\"elementor-column elementor-col-50 elementor-inner-column elementor-element elementor-element-192e28ad\" data-id=\"192e28ad\" data-element_type=\"column\" data-e-type=\"column\">\n\t\t\t<div class=\"elementor-widget-wrap elementor-element-populated\">\n\t\t\t\t\t\t<div class=\"elementor-element elementor-element-7d15b805 elementor-widget elementor-widget-image\" data-id=\"7d15b805\" data-element_type=\"widget\" data-e-type=\"widget\" data-widget_type=\"image.default\">\n\t\t\t\t<div class=\"elementor-widget-container\">\n\t\t\t\t\t\t\t\t\t\t\t\t\t\t\t<img decoding=\"async\" width=\"800\" height=\"534\" src=\"https:\/\/apartamentos-centro.com\/en\/wp-content\/uploads\/sites\/2\/Apartamento-deluxe-en-apartamentos-centro-jardines-Madrid-1024x683.webp\" class=\"attachment-large size-large wp-image-1892\" alt=\"Apartamento deluxe en apartamentos centro jardines Madrid\" srcset=\"https:\/\/apartamentos-centro.com\/en\/wp-content\/uploads\/sites\/2\/Apartamento-deluxe-en-apartamentos-centro-jardines-Madrid-1024x683.webp 1024w, https:\/\/apartamentos-centro.com\/en\/wp-content\/uploads\/sites\/2\/Apartamento-deluxe-en-apartamentos-centro-jardines-Madrid-300x200.webp 300w, https:\/\/apartamentos-centro.com\/en\/wp-content\/uploads\/sites\/2\/Apartamento-deluxe-en-apartamentos-centro-jardines-Madrid-768x512.webp 768w, https:\/\/apartamentos-centro.com\/en\/wp-content\/uploads\/sites\/2\/Apartamento-deluxe-en-apartamentos-centro-jardines-Madrid-1536x1024.webp 1536w, https:\/\/apartamentos-centro.com\/en\/wp-content\/uploads\/sites\/2\/Apartamento-deluxe-en-apartamentos-centro-jardines-Madrid.webp 1920w\" sizes=\"(max-width: 800px) 100vw, 800px\" \/>\t\t\t\t\t\t\t\t\t\t\t\t\t\t\t<\/div>\n\t\t\t\t<\/div>\n\t\t\t\t\t<\/div>\n\t\t<\/div>\n\t\t\t\t<div class=\"elementor-column elementor-col-50 elementor-inner-column elementor-element elementor-element-30190794\" data-id=\"30190794\" data-element_type=\"column\" data-e-type=\"column\">\n\t\t\t<div class=\"elementor-widget-wrap elementor-element-populated\">\n\t\t\t\t\t\t<div class=\"elementor-element elementor-element-5d9fdcb9 elementor-widget elementor-widget-heading\" data-id=\"5d9fdcb9\" data-element_type=\"widget\" data-e-type=\"widget\" data-widget_type=\"heading.default\">\n\t\t\t\t<div class=\"elementor-widget-container\">\n\t\t\t\t\t<h4 class=\"elementor-heading-title elementor-size-default\">Apartamento deluxe<\/h4>\t\t\t\t<\/div>\n\t\t\t\t<\/div>\n\t\t\t\t<div class=\"elementor-element elementor-element-33da4571 elementor-widget-divider--view-line elementor-widget elementor-widget-divider\" data-id=\"33da4571\" data-element_type=\"widget\" data-e-type=\"widget\" data-widget_type=\"divider.default\">\n\t\t\t\t<div class=\"elementor-widget-container\">\n\t\t\t\t\t\t\t<div class=\"elementor-divider\">\n\t\t\t<span class=\"elementor-divider-separator\">\n\t\t\t\t\t\t<\/span>\n\t\t<\/div>\n\t\t\t\t\t\t<\/div>\n\t\t\t\t<\/div>\n\t\t\t\t<div class=\"elementor-element elementor-element-55105a89 elementor-widget-mobile__width-inherit elementor-widget elementor-widget-text-editor\" data-id=\"55105a89\" data-element_type=\"widget\" data-e-type=\"widget\" data-widget_type=\"text-editor.default\">\n\t\t\t\t<div class=\"elementor-widget-container\">\n\t\t\t\t\t\t\t\t\t<p>Apartamento est\u00e1ndar con capacidad para 4 personas, distribuidos en dos camas individuales y un c\u00f3modo sof\u00e1 cama. Cuenta con una fant\u00e1stica cocina completamente equipada, con cafetera, tostadora, microondas, lavadora, y todos los cubiertos necesarios para disfrutar de una agradable estancia.<\/p>\t\t\t\t\t\t\t\t<\/div>\n\t\t\t\t<\/div>\n\t\t\t\t<div class=\"elementor-element elementor-element-383941da elementor-align-left elementor-widget elementor-widget-button\" data-id=\"383941da\" data-element_type=\"widget\" data-e-type=\"widget\" data-widget_type=\"button.default\">\n\t\t\t\t<div class=\"elementor-widget-container\">\n\t\t\t\t\t\t\t\t\t<div class=\"elementor-button-wrapper\">\n\t\t\t\t\t<a class=\"elementor-button elementor-button-link elementor-size-md elementor-animation-shrink\" href=\"https:\/\/apartamentoscentrojardines.com.aviratodesign.com\/apartamentos-centro-jardines\/apartamento-deluxe\/\">\n\t\t\t\t\t\t<span class=\"elementor-button-content-wrapper\">\n\t\t\t\t\t\t\t\t\t<span class=\"elementor-button-text\">VER APARTAMENTO \u2192<\/span>\n\t\t\t\t\t<\/span>\n\t\t\t\t\t<\/a>\n\t\t\t\t<\/div>\n\t\t\t\t\t\t\t\t<\/div>\n\t\t\t\t<\/div>\n\t\t\t\t\t<\/div>\n\t\t<\/div>\n\t\t\t\t\t<\/div>\n\t\t<\/section>\n\t\t\t\t<section class=\"elementor-section elementor-inner-section elementor-element elementor-element-4dff9a4c elementor-section-boxed elementor-section-height-default elementor-section-height-default\" data-id=\"4dff9a4c\" data-element_type=\"section\" data-e-type=\"section\">\n\t\t\t\t\t\t<div class=\"elementor-container elementor-column-gap-default\">\n\t\t\t\t\t<div class=\"elementor-column elementor-col-50 elementor-inner-column elementor-element elementor-element-56ddf31b\" data-id=\"56ddf31b\" data-element_type=\"column\" data-e-type=\"column\">\n\t\t\t<div class=\"elementor-widget-wrap elementor-element-populated\">\n\t\t\t\t\t\t<div class=\"elementor-element elementor-element-1b6d4026 elementor-widget elementor-widget-image\" data-id=\"1b6d4026\" data-element_type=\"widget\" data-e-type=\"widget\" data-widget_type=\"image.default\">\n\t\t\t\t<div class=\"elementor-widget-container\">\n\t\t\t\t\t\t\t\t\t\t\t\t\t\t\t<img loading=\"lazy\" decoding=\"async\" width=\"800\" height=\"534\" src=\"https:\/\/apartamentos-centro.com\/en\/wp-content\/uploads\/sites\/2\/Apartamento-estudio-con-terraza-en-Madrid-centro-jardines-salon-cocina.webp\" class=\"attachment-large size-large wp-image-1871\" alt=\"Apartamento estudio con terraza en Madrid centro jardines salon cocina\" srcset=\"https:\/\/apartamentos-centro.com\/en\/wp-content\/uploads\/sites\/2\/Apartamento-estudio-con-terraza-en-Madrid-centro-jardines-salon-cocina.webp 1000w, https:\/\/apartamentos-centro.com\/en\/wp-content\/uploads\/sites\/2\/Apartamento-estudio-con-terraza-en-Madrid-centro-jardines-salon-cocina-300x200.webp 300w, https:\/\/apartamentos-centro.com\/en\/wp-content\/uploads\/sites\/2\/Apartamento-estudio-con-terraza-en-Madrid-centro-jardines-salon-cocina-768x512.webp 768w\" sizes=\"(max-width: 800px) 100vw, 800px\" \/>\t\t\t\t\t\t\t\t\t\t\t\t\t\t\t<\/div>\n\t\t\t\t<\/div>\n\t\t\t\t\t<\/div>\n\t\t<\/div>\n\t\t\t\t<div class=\"elementor-column elementor-col-50 elementor-inner-column elementor-element elementor-element-66fb7acc\" data-id=\"66fb7acc\" data-element_type=\"column\" data-e-type=\"column\">\n\t\t\t<div class=\"elementor-widget-wrap elementor-element-populated\">\n\t\t\t\t\t\t<div class=\"elementor-element elementor-element-1e966655 elementor-widget elementor-widget-heading\" data-id=\"1e966655\" data-element_type=\"widget\" data-e-type=\"widget\" data-widget_type=\"heading.default\">\n\t\t\t\t<div class=\"elementor-widget-container\">\n\t\t\t\t\t<h4 class=\"elementor-heading-title elementor-size-default\">Apartamento estudio con terraza<\/h4>\t\t\t\t<\/div>\n\t\t\t\t<\/div>\n\t\t\t\t<div class=\"elementor-element elementor-element-728dda20 elementor-widget-divider--view-line elementor-widget elementor-widget-divider\" data-id=\"728dda20\" data-element_type=\"widget\" data-e-type=\"widget\" data-widget_type=\"divider.default\">\n\t\t\t\t<div class=\"elementor-widget-container\">\n\t\t\t\t\t\t\t<div class=\"elementor-divider\">\n\t\t\t<span class=\"elementor-divider-separator\">\n\t\t\t\t\t\t<\/span>\n\t\t<\/div>\n\t\t\t\t\t\t<\/div>\n\t\t\t\t<\/div>\n\t\t\t\t<div class=\"elementor-element elementor-element-589847bb elementor-widget-mobile__width-inherit elementor-widget elementor-widget-text-editor\" data-id=\"589847bb\" data-element_type=\"widget\" data-e-type=\"widget\" data-widget_type=\"text-editor.default\">\n\t\t\t\t<div class=\"elementor-widget-container\">\n\t\t\t\t\t\t\t\t\t<p>Apartamento doble-premium con terraza, con capacidad para 2 personas. Fant\u00e1stico para disfrutar de unos d\u00edas en pareja en el pleno centro tur\u00edstico de Madrid.<\/p>\t\t\t\t\t\t\t\t<\/div>\n\t\t\t\t<\/div>\n\t\t\t\t<div class=\"elementor-element elementor-element-52b6660b elementor-align-left elementor-widget elementor-widget-button\" data-id=\"52b6660b\" data-element_type=\"widget\" data-e-type=\"widget\" data-widget_type=\"button.default\">\n\t\t\t\t<div class=\"elementor-widget-container\">\n\t\t\t\t\t\t\t\t\t<div class=\"elementor-button-wrapper\">\n\t\t\t\t\t<a class=\"elementor-button elementor-button-link elementor-size-md elementor-animation-shrink\" href=\"https:\/\/apartamentoscentrojardines.com.aviratodesign.com\/apartamentos-centro-jardines\/apartamento-estudio-con-terraza\/\">\n\t\t\t\t\t\t<span class=\"elementor-button-content-wrapper\">\n\t\t\t\t\t\t\t\t\t<span class=\"elementor-button-text\">VER APARTAMENTO \u2192<\/span>\n\t\t\t\t\t<\/span>\n\t\t\t\t\t<\/a>\n\t\t\t\t<\/div>\n\t\t\t\t\t\t\t\t<\/div>\n\t\t\t\t<\/div>\n\t\t\t\t\t<\/div>\n\t\t<\/div>\n\t\t\t\t\t<\/div>\n\t\t<\/section>\n\t\t\t\t<section class=\"elementor-section elementor-inner-section elementor-element elementor-element-6202446d elementor-section-boxed elementor-section-height-default elementor-section-height-default\" data-id=\"6202446d\" data-element_type=\"section\" data-e-type=\"section\">\n\t\t\t\t\t\t<div class=\"elementor-container elementor-column-gap-default\">\n\t\t\t\t\t<div class=\"elementor-column elementor-col-50 elementor-inner-column elementor-element elementor-element-13d05be2\" data-id=\"13d05be2\" data-element_type=\"column\" data-e-type=\"column\">\n\t\t\t<div class=\"elementor-widget-wrap elementor-element-populated\">\n\t\t\t\t\t\t<div class=\"elementor-element elementor-element-78091a51 elementor-widget elementor-widget-image\" data-id=\"78091a51\" data-element_type=\"widget\" data-e-type=\"widget\" data-widget_type=\"image.default\">\n\t\t\t\t<div class=\"elementor-widget-container\">\n\t\t\t\t\t\t\t\t\t\t\t\t\t\t\t<img loading=\"lazy\" decoding=\"async\" width=\"800\" height=\"534\" src=\"https:\/\/apartamentos-centro.com\/en\/wp-content\/uploads\/sites\/2\/Apartamento-superior-6-personas-Apartamento-centro-jardines-Madrid-1.webp\" class=\"attachment-large size-large wp-image-1909\" alt=\"Apartamento superior personas Apartamento centro jardines Madrid\" srcset=\"https:\/\/apartamentos-centro.com\/en\/wp-content\/uploads\/sites\/2\/Apartamento-superior-6-personas-Apartamento-centro-jardines-Madrid-1.webp 1000w, https:\/\/apartamentos-centro.com\/en\/wp-content\/uploads\/sites\/2\/Apartamento-superior-6-personas-Apartamento-centro-jardines-Madrid-1-300x200.webp 300w, https:\/\/apartamentos-centro.com\/en\/wp-content\/uploads\/sites\/2\/Apartamento-superior-6-personas-Apartamento-centro-jardines-Madrid-1-768x512.webp 768w\" sizes=\"(max-width: 800px) 100vw, 800px\" \/>\t\t\t\t\t\t\t\t\t\t\t\t\t\t\t<\/div>\n\t\t\t\t<\/div>\n\t\t\t\t\t<\/div>\n\t\t<\/div>\n\t\t\t\t<div class=\"elementor-column elementor-col-50 elementor-inner-column elementor-element elementor-element-1502fe02\" data-id=\"1502fe02\" data-element_type=\"column\" data-e-type=\"column\">\n\t\t\t<div class=\"elementor-widget-wrap elementor-element-populated\">\n\t\t\t\t\t\t<div class=\"elementor-element elementor-element-637a8fdb elementor-widget elementor-widget-heading\" data-id=\"637a8fdb\" data-element_type=\"widget\" data-e-type=\"widget\" data-widget_type=\"heading.default\">\n\t\t\t\t<div class=\"elementor-widget-container\">\n\t\t\t\t\t<h4 class=\"elementor-heading-title elementor-size-default\">Apartamento superior<\/h4>\t\t\t\t<\/div>\n\t\t\t\t<\/div>\n\t\t\t\t<div class=\"elementor-element elementor-element-4f854d10 elementor-widget-divider--view-line elementor-widget elementor-widget-divider\" data-id=\"4f854d10\" data-element_type=\"widget\" data-e-type=\"widget\" data-widget_type=\"divider.default\">\n\t\t\t\t<div class=\"elementor-widget-container\">\n\t\t\t\t\t\t\t<div class=\"elementor-divider\">\n\t\t\t<span class=\"elementor-divider-separator\">\n\t\t\t\t\t\t<\/span>\n\t\t<\/div>\n\t\t\t\t\t\t<\/div>\n\t\t\t\t<\/div>\n\t\t\t\t<div class=\"elementor-element elementor-element-6be7293d elementor-widget-mobile__width-inherit elementor-widget elementor-widget-text-editor\" data-id=\"6be7293d\" data-element_type=\"widget\" data-e-type=\"widget\" data-widget_type=\"text-editor.default\">\n\t\t\t\t<div class=\"elementor-widget-container\">\n\t\t\t\t\t\t\t\t\t<p>Apartamento familiar con capacidad para 6 personas, distribuidos en un dormitorio con 2 camas individuales, otro con literas y un sof\u00e1 cama. Cuenta con una maravillosa terraza con mesa y sillas para disfrutar de una agradable comida al aire libre y tambi\u00e9n cuenta con unas tumbonas para poder tomar el sol y disfrutar del maravilloso tiempo de Madrid.<\/p>\t\t\t\t\t\t\t\t<\/div>\n\t\t\t\t<\/div>\n\t\t\t\t<div class=\"elementor-element elementor-element-68259c3a elementor-align-left elementor-widget elementor-widget-button\" data-id=\"68259c3a\" data-element_type=\"widget\" data-e-type=\"widget\" data-widget_type=\"button.default\">\n\t\t\t\t<div class=\"elementor-widget-container\">\n\t\t\t\t\t\t\t\t\t<div class=\"elementor-button-wrapper\">\n\t\t\t\t\t<a class=\"elementor-button elementor-button-link elementor-size-md elementor-animation-shrink\" href=\"https:\/\/apartamentoscentrojardines.com.aviratodesign.com\/apartamentos-centro-jardines\/apartamento-superior\/\">\n\t\t\t\t\t\t<span class=\"elementor-button-content-wrapper\">\n\t\t\t\t\t\t\t\t\t<span class=\"elementor-button-text\">VER APARTAMENTO \u2192<\/span>\n\t\t\t\t\t<\/span>\n\t\t\t\t\t<\/a>\n\t\t\t\t<\/div>\n\t\t\t\t\t\t\t\t<\/div>\n\t\t\t\t<\/div>\n\t\t\t\t\t<\/div>\n\t\t<\/div>\n\t\t\t\t\t<\/div>\n\t\t<\/section>\n\t\t\t\t<section class=\"elementor-section elementor-inner-section elementor-element elementor-element-1b0d49c6 elementor-section-boxed elementor-section-height-default elementor-section-height-default\" data-id=\"1b0d49c6\" data-element_type=\"section\" data-e-type=\"section\">\n\t\t\t\t\t\t<div class=\"elementor-container elementor-column-gap-default\">\n\t\t\t\t\t<div class=\"elementor-column elementor-col-50 elementor-inner-column elementor-element elementor-element-1d60477d\" data-id=\"1d60477d\" data-element_type=\"column\" data-e-type=\"column\">\n\t\t\t<div class=\"elementor-widget-wrap elementor-element-populated\">\n\t\t\t\t\t\t<div class=\"elementor-element elementor-element-1edcfc1a elementor-widget elementor-widget-image\" data-id=\"1edcfc1a\" data-element_type=\"widget\" data-e-type=\"widget\" data-widget_type=\"image.default\">\n\t\t\t\t<div class=\"elementor-widget-container\">\n\t\t\t\t\t\t\t\t\t\t\t\t\t\t\t<img loading=\"lazy\" decoding=\"async\" width=\"800\" height=\"534\" src=\"https:\/\/apartamentos-centro.com\/en\/wp-content\/uploads\/sites\/2\/Apartamento-deluxe-con-terraza-mesita-terraza-centro-jardines.webp\" class=\"attachment-large size-large wp-image-1840\" alt=\"Apartamento deluxe con terraza mesita terraza centro jardines\" srcset=\"https:\/\/apartamentos-centro.com\/en\/wp-content\/uploads\/sites\/2\/Apartamento-deluxe-con-terraza-mesita-terraza-centro-jardines.webp 1000w, https:\/\/apartamentos-centro.com\/en\/wp-content\/uploads\/sites\/2\/Apartamento-deluxe-con-terraza-mesita-terraza-centro-jardines-300x200.webp 300w, https:\/\/apartamentos-centro.com\/en\/wp-content\/uploads\/sites\/2\/Apartamento-deluxe-con-terraza-mesita-terraza-centro-jardines-768x512.webp 768w\" sizes=\"(max-width: 800px) 100vw, 800px\" \/>\t\t\t\t\t\t\t\t\t\t\t\t\t\t\t<\/div>\n\t\t\t\t<\/div>\n\t\t\t\t\t<\/div>\n\t\t<\/div>\n\t\t\t\t<div class=\"elementor-column elementor-col-50 elementor-inner-column elementor-element elementor-element-3da4c8ba\" data-id=\"3da4c8ba\" data-element_type=\"column\" data-e-type=\"column\">\n\t\t\t<div class=\"elementor-widget-wrap elementor-element-populated\">\n\t\t\t\t\t\t<div class=\"elementor-element elementor-element-beea9b0 elementor-widget elementor-widget-heading\" data-id=\"beea9b0\" data-element_type=\"widget\" data-e-type=\"widget\" data-widget_type=\"heading.default\">\n\t\t\t\t<div class=\"elementor-widget-container\">\n\t\t\t\t\t<h4 class=\"elementor-heading-title elementor-size-default\">Apartamento deluxe con terraza<\/h4>\t\t\t\t<\/div>\n\t\t\t\t<\/div>\n\t\t\t\t<div class=\"elementor-element elementor-element-901065c elementor-widget-divider--view-line elementor-widget elementor-widget-divider\" data-id=\"901065c\" data-element_type=\"widget\" data-e-type=\"widget\" data-widget_type=\"divider.default\">\n\t\t\t\t<div class=\"elementor-widget-container\">\n\t\t\t\t\t\t\t<div class=\"elementor-divider\">\n\t\t\t<span class=\"elementor-divider-separator\">\n\t\t\t\t\t\t<\/span>\n\t\t<\/div>\n\t\t\t\t\t\t<\/div>\n\t\t\t\t<\/div>\n\t\t\t\t<div class=\"elementor-element elementor-element-4a3ccc14 elementor-widget-mobile__width-inherit elementor-widget elementor-widget-text-editor\" data-id=\"4a3ccc14\" data-element_type=\"widget\" data-e-type=\"widget\" data-widget_type=\"text-editor.default\">\n\t\t\t\t<div class=\"elementor-widget-container\">\n\t\t\t\t\t\t\t\t\t<p>Apartamento est\u00e1ndar con capacidad para 4 personas, distribuidos en un dormitorio y un sof\u00e1 cama. Cuenta con una fant\u00e1stica terraza con mesa y sillas para disfrutar de una agradable comida al aire libre y tambi\u00e9n cuenta con unas tumbonas para poder tomar el sol y disfrutar del maravilloso tiempo de Madrid.<\/p>\t\t\t\t\t\t\t\t<\/div>\n\t\t\t\t<\/div>\n\t\t\t\t<div class=\"elementor-element elementor-element-679912fa elementor-align-left elementor-widget elementor-widget-button\" data-id=\"679912fa\" data-element_type=\"widget\" data-e-type=\"widget\" data-widget_type=\"button.default\">\n\t\t\t\t<div class=\"elementor-widget-container\">\n\t\t\t\t\t\t\t\t\t<div class=\"elementor-button-wrapper\">\n\t\t\t\t\t<a class=\"elementor-button elementor-button-link elementor-size-md elementor-animation-shrink\" href=\"https:\/\/apartamentoscentrojardines.com.aviratodesign.com\/apartamentos-centro-jardines\/apartamento-deluxe-con-terraza\/\">\n\t\t\t\t\t\t<span class=\"elementor-button-content-wrapper\">\n\t\t\t\t\t\t\t\t\t<span class=\"elementor-button-text\">VER APARTAMENTO \u2192<\/span>\n\t\t\t\t\t<\/span>\n\t\t\t\t\t<\/a>\n\t\t\t\t<\/div>\n\t\t\t\t\t\t\t\t<\/div>\n\t\t\t\t<\/div>\n\t\t\t\t\t<\/div>\n\t\t<\/div>\n\t\t\t\t\t<\/div>\n\t\t<\/section>\n\t\t\t\t\t<\/div>\n\t\t<\/div>\n\t\t\t\t\t<\/div>\n\t\t<\/section>\n\t\t\t\t<\/div>\n\t\t","protected":false},"excerpt":{"rendered":"<p>Apartamentos Centro Jardines Apartamentos Centro Jardines Elige el apartamento que m\u00e1s se ajuste a tu gusto Disponemos de 5 tipos de apartamentos. La mayor\u00eda de sus habitaciones disfrutan de excelentes vistas a la ciudad de Madrid Apartamento estudio Apartamento doble con capacidad para 2 personas, fant\u00e1stico para disfrutar de unos d\u00edas en pareja en el [&hellip;]<\/p>\n","protected":false},"author":1,"featured_media":0,"parent":0,"menu_order":0,"comment_status":"closed","ping_status":"closed","template":"elementor_header_footer","meta":{"_acf_changed":false,"footnotes":""},"class_list":["post-1907","page","type-page","status-publish","hentry"],"acf":[],"yoast_head":"<!-- This site is optimized with the Yoast SEO plugin v27.5 - https:\/\/yoast.com\/product\/yoast-seo-wordpress\/ -->\n<title>Apartamentos Centro Jardines - Centro Apartments<\/title>\n<meta name=\"robots\" content=\"index, follow, max-snippet:-1, max-image-preview:large, max-video-preview:-1\" \/>\n<link rel=\"canonical\" href=\"https:\/\/apartamentos-centro.com\/en\/apartamentos-centro-jardines\/\" \/>\n<meta property=\"og:locale\" content=\"es_ES\" \/>\n<meta property=\"og:type\" content=\"article\" \/>\n<meta property=\"og:title\" content=\"Apartamentos Centro Jardines - Centro Apartments\" \/>\n<meta property=\"og:description\" content=\"Apartamentos Centro Jardines Apartamentos Centro Jardines Elige el apartamento que m\u00e1s se ajuste a tu gusto Disponemos de 5 tipos de apartamentos. La mayor\u00eda de sus habitaciones disfrutan de excelentes vistas a la ciudad de Madrid Apartamento estudio Apartamento doble con capacidad para 2 personas, fant\u00e1stico para disfrutar de unos d\u00edas en pareja en el [&hellip;]\" \/>\n<meta property=\"og:url\" content=\"https:\/\/apartamentos-centro.com\/en\/apartamentos-centro-jardines\/\" \/>\n<meta property=\"og:site_name\" content=\"Centro Apartments\" \/>\n<meta property=\"article:modified_time\" content=\"2022-08-23T10:17:55+00:00\" \/>\n<meta property=\"og:image\" content=\"https:\/\/apartamentos-centro.com\/wp-content\/uploads\/sites\/2\/Logo-Apartamentos-Centro.webp\" \/>\n<meta name=\"twitter:card\" content=\"summary_large_image\" \/>\n<meta name=\"twitter:label1\" content=\"Tiempo de lectura\" \/>\n\t<meta name=\"twitter:data1\" content=\"1 minuto\" \/>\n<script type=\"application\/ld+json\" class=\"yoast-schema-graph\">{\"@context\":\"https:\\\/\\\/schema.org\",\"@graph\":[{\"@type\":\"WebPage\",\"@id\":\"https:\\\/\\\/apartamentos-centro.com\\\/en\\\/apartamentos-centro-jardines\\\/\",\"url\":\"https:\\\/\\\/apartamentos-centro.com\\\/en\\\/apartamentos-centro-jardines\\\/\",\"name\":\"Apartamentos Centro Jardines - Centro Apartments\",\"isPartOf\":{\"@id\":\"https:\\\/\\\/apartamentos-centro.com\\\/en\\\/#website\"},\"primaryImageOfPage\":{\"@id\":\"https:\\\/\\\/apartamentos-centro.com\\\/en\\\/apartamentos-centro-jardines\\\/#primaryimage\"},\"image\":{\"@id\":\"https:\\\/\\\/apartamentos-centro.com\\\/en\\\/apartamentos-centro-jardines\\\/#primaryimage\"},\"thumbnailUrl\":\"https:\\\/\\\/apartamentos-centro.com\\\/wp-content\\\/uploads\\\/sites\\\/2\\\/Logo-Apartamentos-Centro.webp\",\"datePublished\":\"2022-08-23T10:17:47+00:00\",\"dateModified\":\"2022-08-23T10:17:55+00:00\",\"breadcrumb\":{\"@id\":\"https:\\\/\\\/apartamentos-centro.com\\\/en\\\/apartamentos-centro-jardines\\\/#breadcrumb\"},\"inLanguage\":\"es\",\"potentialAction\":[{\"@type\":\"ReadAction\",\"target\":[\"https:\\\/\\\/apartamentos-centro.com\\\/en\\\/apartamentos-centro-jardines\\\/\"]}]},{\"@type\":\"ImageObject\",\"inLanguage\":\"es\",\"@id\":\"https:\\\/\\\/apartamentos-centro.com\\\/en\\\/apartamentos-centro-jardines\\\/#primaryimage\",\"url\":\"https:\\\/\\\/apartamentos-centro.com\\\/wp-content\\\/uploads\\\/sites\\\/2\\\/Logo-Apartamentos-Centro.webp\",\"contentUrl\":\"https:\\\/\\\/apartamentos-centro.com\\\/wp-content\\\/uploads\\\/sites\\\/2\\\/Logo-Apartamentos-Centro.webp\"},{\"@type\":\"BreadcrumbList\",\"@id\":\"https:\\\/\\\/apartamentos-centro.com\\\/en\\\/apartamentos-centro-jardines\\\/#breadcrumb\",\"itemListElement\":[{\"@type\":\"ListItem\",\"position\":1,\"name\":\"Portada\",\"item\":\"https:\\\/\\\/apartamentos-centro.com\\\/en\\\/\"},{\"@type\":\"ListItem\",\"position\":2,\"name\":\"Apartamentos Centro Jardines\"}]},{\"@type\":\"WebSite\",\"@id\":\"https:\\\/\\\/apartamentos-centro.com\\\/en\\\/#website\",\"url\":\"https:\\\/\\\/apartamentos-centro.com\\\/en\\\/\",\"name\":\"Centro Apartments\",\"description\":\"en el coraz\u00f3n de Madrid\",\"publisher\":{\"@id\":\"https:\\\/\\\/apartamentos-centro.com\\\/en\\\/#organization\"},\"potentialAction\":[{\"@type\":\"SearchAction\",\"target\":{\"@type\":\"EntryPoint\",\"urlTemplate\":\"https:\\\/\\\/apartamentos-centro.com\\\/en\\\/?s={search_term_string}\"},\"query-input\":{\"@type\":\"PropertyValueSpecification\",\"valueRequired\":true,\"valueName\":\"search_term_string\"}}],\"inLanguage\":\"es\"},{\"@type\":\"Organization\",\"@id\":\"https:\\\/\\\/apartamentos-centro.com\\\/en\\\/#organization\",\"name\":\"Centro Apartments\",\"url\":\"https:\\\/\\\/apartamentos-centro.com\\\/en\\\/\",\"logo\":{\"@type\":\"ImageObject\",\"inLanguage\":\"es\",\"@id\":\"https:\\\/\\\/apartamentos-centro.com\\\/en\\\/#\\\/schema\\\/logo\\\/image\\\/\",\"url\":\"https:\\\/\\\/apartamentos-centro.com\\\/en\\\/wp-content\\\/uploads\\\/sites\\\/2\\\/Logo-Apartamentos-Centro.webp\",\"contentUrl\":\"https:\\\/\\\/apartamentos-centro.com\\\/en\\\/wp-content\\\/uploads\\\/sites\\\/2\\\/Logo-Apartamentos-Centro.webp\",\"width\":250,\"height\":168,\"caption\":\"Centro Apartments\"},\"image\":{\"@id\":\"https:\\\/\\\/apartamentos-centro.com\\\/en\\\/#\\\/schema\\\/logo\\\/image\\\/\"}}]}<\/script>\n<!-- \/ Yoast SEO plugin. -->","yoast_head_json":{"title":"Apartamentos Centro Jardines - Centro Apartments","robots":{"index":"index","follow":"follow","max-snippet":"max-snippet:-1","max-image-preview":"max-image-preview:large","max-video-preview":"max-video-preview:-1"},"canonical":"https:\/\/apartamentos-centro.com\/en\/apartamentos-centro-jardines\/","og_locale":"es_ES","og_type":"article","og_title":"Apartamentos Centro Jardines - Centro Apartments","og_description":"Apartamentos Centro Jardines Apartamentos Centro Jardines Elige el apartamento que m\u00e1s se ajuste a tu gusto Disponemos de 5 tipos de apartamentos. La mayor\u00eda de sus habitaciones disfrutan de excelentes vistas a la ciudad de Madrid Apartamento estudio Apartamento doble con capacidad para 2 personas, fant\u00e1stico para disfrutar de unos d\u00edas en pareja en el [&hellip;]","og_url":"https:\/\/apartamentos-centro.com\/en\/apartamentos-centro-jardines\/","og_site_name":"Centro Apartments","article_modified_time":"2022-08-23T10:17:55+00:00","og_image":[{"url":"https:\/\/apartamentos-centro.com\/wp-content\/uploads\/sites\/2\/Logo-Apartamentos-Centro.webp","type":"","width":"","height":""}],"twitter_card":"summary_large_image","twitter_misc":{"Tiempo de lectura":"1 minuto"},"schema":{"@context":"https:\/\/schema.org","@graph":[{"@type":"WebPage","@id":"https:\/\/apartamentos-centro.com\/en\/apartamentos-centro-jardines\/","url":"https:\/\/apartamentos-centro.com\/en\/apartamentos-centro-jardines\/","name":"Apartamentos Centro Jardines - Centro Apartments","isPartOf":{"@id":"https:\/\/apartamentos-centro.com\/en\/#website"},"primaryImageOfPage":{"@id":"https:\/\/apartamentos-centro.com\/en\/apartamentos-centro-jardines\/#primaryimage"},"image":{"@id":"https:\/\/apartamentos-centro.com\/en\/apartamentos-centro-jardines\/#primaryimage"},"thumbnailUrl":"https:\/\/apartamentos-centro.com\/wp-content\/uploads\/sites\/2\/Logo-Apartamentos-Centro.webp","datePublished":"2022-08-23T10:17:47+00:00","dateModified":"2022-08-23T10:17:55+00:00","breadcrumb":{"@id":"https:\/\/apartamentos-centro.com\/en\/apartamentos-centro-jardines\/#breadcrumb"},"inLanguage":"es","potentialAction":[{"@type":"ReadAction","target":["https:\/\/apartamentos-centro.com\/en\/apartamentos-centro-jardines\/"]}]},{"@type":"ImageObject","inLanguage":"es","@id":"https:\/\/apartamentos-centro.com\/en\/apartamentos-centro-jardines\/#primaryimage","url":"https:\/\/apartamentos-centro.com\/wp-content\/uploads\/sites\/2\/Logo-Apartamentos-Centro.webp","contentUrl":"https:\/\/apartamentos-centro.com\/wp-content\/uploads\/sites\/2\/Logo-Apartamentos-Centro.webp"},{"@type":"BreadcrumbList","@id":"https:\/\/apartamentos-centro.com\/en\/apartamentos-centro-jardines\/#breadcrumb","itemListElement":[{"@type":"ListItem","position":1,"name":"Portada","item":"https:\/\/apartamentos-centro.com\/en\/"},{"@type":"ListItem","position":2,"name":"Apartamentos Centro Jardines"}]},{"@type":"WebSite","@id":"https:\/\/apartamentos-centro.com\/en\/#website","url":"https:\/\/apartamentos-centro.com\/en\/","name":"Centro Apartments","description":"en el coraz\u00f3n de Madrid","publisher":{"@id":"https:\/\/apartamentos-centro.com\/en\/#organization"},"potentialAction":[{"@type":"SearchAction","target":{"@type":"EntryPoint","urlTemplate":"https:\/\/apartamentos-centro.com\/en\/?s={search_term_string}"},"query-input":{"@type":"PropertyValueSpecification","valueRequired":true,"valueName":"search_term_string"}}],"inLanguage":"es"},{"@type":"Organization","@id":"https:\/\/apartamentos-centro.com\/en\/#organization","name":"Centro Apartments","url":"https:\/\/apartamentos-centro.com\/en\/","logo":{"@type":"ImageObject","inLanguage":"es","@id":"https:\/\/apartamentos-centro.com\/en\/#\/schema\/logo\/image\/","url":"https:\/\/apartamentos-centro.com\/en\/wp-content\/uploads\/sites\/2\/Logo-Apartamentos-Centro.webp","contentUrl":"https:\/\/apartamentos-centro.com\/en\/wp-content\/uploads\/sites\/2\/Logo-Apartamentos-Centro.webp","width":250,"height":168,"caption":"Centro Apartments"},"image":{"@id":"https:\/\/apartamentos-centro.com\/en\/#\/schema\/logo\/image\/"}}]}},"_links":{"self":[{"href":"https:\/\/apartamentos-centro.com\/en\/wp-json\/wp\/v2\/pages\/1907","targetHints":{"allow":["GET"]}}],"collection":[{"href":"https:\/\/apartamentos-centro.com\/en\/wp-json\/wp\/v2\/pages"}],"about":[{"href":"https:\/\/apartamentos-centro.com\/en\/wp-json\/wp\/v2\/types\/page"}],"author":[{"embeddable":true,"href":"https:\/\/apartamentos-centro.com\/en\/wp-json\/wp\/v2\/users\/1"}],"replies":[{"embeddable":true,"href":"https:\/\/apartamentos-centro.com\/en\/wp-json\/wp\/v2\/comments?post=1907"}],"version-history":[{"count":3,"href":"https:\/\/apartamentos-centro.com\/en\/wp-json\/wp\/v2\/pages\/1907\/revisions"}],"predecessor-version":[{"id":1980,"href":"https:\/\/apartamentos-centro.com\/en\/wp-json\/wp\/v2\/pages\/1907\/revisions\/1980"}],"wp:attachment":[{"href":"https:\/\/apartamentos-centro.com\/en\/wp-json\/wp\/v2\/media?parent=1907"}],"curies":[{"name":"wp","href":"https:\/\/api.w.org\/{rel}","templated":true}]}}