{"id":1831,"date":"2022-08-23T10:17:31","date_gmt":"2022-08-23T10:17:31","guid":{"rendered":"https:\/\/apartamentos-centro.com\/apartamento-deluxe-con-terraza\/"},"modified":"2022-08-23T10:17:55","modified_gmt":"2022-08-23T10:17:55","slug":"apartamento-deluxe-con-terraza","status":"publish","type":"page","link":"https:\/\/apartamentos-centro.com\/en\/apartamento-deluxe-con-terraza\/","title":{"rendered":"Apartamento deluxe con terraza"},"content":{"rendered":"\t\t<div data-elementor-type=\"wp-page\" data-elementor-id=\"1831\" class=\"elementor elementor-1831\" data-elementor-post-type=\"page\">\n\t\t\t\t\t\t<section class=\"elementor-section elementor-top-section elementor-element elementor-element-47f9c44e elementor-section-height-min-height elementor-section-boxed elementor-section-height-default elementor-section-items-middle\" data-id=\"47f9c44e\" data-element_type=\"section\" data-e-type=\"section\" data-settings=\"{&quot;background_background&quot;:&quot;classic&quot;}\">\n\t\t\t\t\t\t\t<div class=\"elementor-background-overlay\"><\/div>\n\t\t\t\t\t\t\t<div class=\"elementor-container elementor-column-gap-default\">\n\t\t\t\t\t<div class=\"elementor-column elementor-col-100 elementor-top-column elementor-element elementor-element-24ea362d\" data-id=\"24ea362d\" data-element_type=\"column\" data-e-type=\"column\">\n\t\t\t<div class=\"elementor-widget-wrap elementor-element-populated\">\n\t\t\t\t\t\t<div class=\"elementor-element elementor-element-40a3b888 elementor-widget elementor-widget-heading\" data-id=\"40a3b888\" data-element_type=\"widget\" data-e-type=\"widget\" data-widget_type=\"heading.default\">\n\t\t\t\t<div class=\"elementor-widget-container\">\n\t\t\t\t\t<h2 class=\"elementor-heading-title elementor-size-default\">Apartamento<\/h2>\t\t\t\t<\/div>\n\t\t\t\t<\/div>\n\t\t\t\t<div class=\"elementor-element elementor-element-533f8518 elementor-widget elementor-widget-heading\" data-id=\"533f8518\" data-element_type=\"widget\" data-e-type=\"widget\" data-widget_type=\"heading.default\">\n\t\t\t\t<div class=\"elementor-widget-container\">\n\t\t\t\t\t<h1 class=\"elementor-heading-title elementor-size-default\">Deluxe con terraza<\/h1>\t\t\t\t<\/div>\n\t\t\t\t<\/div>\n\t\t\t\t\t<\/div>\n\t\t<\/div>\n\t\t\t\t\t<\/div>\n\t\t<\/section>\n\t\t\t\t<section class=\"elementor-section elementor-top-section elementor-element elementor-element-5505dce5 elementor-section-boxed elementor-section-height-default elementor-section-height-default\" data-id=\"5505dce5\" data-element_type=\"section\" data-e-type=\"section\">\n\t\t\t\t\t\t<div class=\"elementor-container elementor-column-gap-default\">\n\t\t\t\t\t<div class=\"elementor-column elementor-col-100 elementor-top-column elementor-element elementor-element-58767705\" data-id=\"58767705\" data-element_type=\"column\" data-e-type=\"column\">\n\t\t\t<div class=\"elementor-widget-wrap elementor-element-populated\">\n\t\t\t\t\t\t<div class=\"elementor-element elementor-element-6a613e35 elementor-widget__width-initial elementor-widget elementor-widget-image\" data-id=\"6a613e35\" data-element_type=\"widget\" data-e-type=\"widget\" data-widget_type=\"image.default\">\n\t\t\t\t<div class=\"elementor-widget-container\">\n\t\t\t\t\t\t\t\t\t\t\t\t\t\t\t<img decoding=\"async\" width=\"250\" height=\"168\" src=\"https:\/\/apartamentos-centro.com\/en\/wp-content\/uploads\/sites\/2\/Logo-Apartamentos-Centro.webp\" class=\"attachment-large size-large wp-image-1752\" alt=\"Logo Apartamentos Centro\" \/>\t\t\t\t\t\t\t\t\t\t\t\t\t\t\t<\/div>\n\t\t\t\t<\/div>\n\t\t\t\t<div class=\"elementor-element elementor-element-1373ac79 elementor-widget elementor-widget-heading\" data-id=\"1373ac79\" data-element_type=\"widget\" data-e-type=\"widget\" data-widget_type=\"heading.default\">\n\t\t\t\t<div class=\"elementor-widget-container\">\n\t\t\t\t\t<h2 class=\"elementor-heading-title elementor-size-default\">Apartamentos Centro<\/h2>\t\t\t\t<\/div>\n\t\t\t\t<\/div>\n\t\t\t\t<div class=\"elementor-element elementor-element-5db6bbf5 elementor-widget elementor-widget-heading\" data-id=\"5db6bbf5\" data-element_type=\"widget\" data-e-type=\"widget\" data-widget_type=\"heading.default\">\n\t\t\t\t<div class=\"elementor-widget-container\">\n\t\t\t\t\t<h2 class=\"elementor-heading-title elementor-size-default\">Jardines<\/h2>\t\t\t\t<\/div>\n\t\t\t\t<\/div>\n\t\t\t\t\t<\/div>\n\t\t<\/div>\n\t\t\t\t\t<\/div>\n\t\t<\/section>\n\t\t\t\t<section class=\"elementor-section elementor-top-section elementor-element elementor-element-513fd8f0 elementor-section-boxed elementor-section-height-default elementor-section-height-default\" data-id=\"513fd8f0\" data-element_type=\"section\" data-e-type=\"section\">\n\t\t\t\t\t\t<div class=\"elementor-container elementor-column-gap-default\">\n\t\t\t\t\t<div class=\"elementor-column elementor-col-100 elementor-top-column elementor-element elementor-element-3f696454\" data-id=\"3f696454\" data-element_type=\"column\" data-e-type=\"column\" data-settings=\"{&quot;background_background&quot;:&quot;classic&quot;}\">\n\t\t\t<div class=\"elementor-widget-wrap elementor-element-populated\">\n\t\t\t\t\t\t<section class=\"elementor-section elementor-inner-section elementor-element elementor-element-29ecaedf elementor-section-boxed elementor-section-height-default elementor-section-height-default\" data-id=\"29ecaedf\" data-element_type=\"section\" data-e-type=\"section\">\n\t\t\t\t\t\t<div class=\"elementor-container elementor-column-gap-default\">\n\t\t\t\t\t<div class=\"elementor-column elementor-col-50 elementor-inner-column elementor-element elementor-element-1a4327ca\" data-id=\"1a4327ca\" data-element_type=\"column\" data-e-type=\"column\">\n\t\t\t<div class=\"elementor-widget-wrap elementor-element-populated\">\n\t\t\t\t\t\t<div class=\"elementor-element elementor-element-4d1c5436 elementor-skin-slideshow elementor-arrows-yes elementor-widget elementor-widget-media-carousel\" data-id=\"4d1c5436\" data-element_type=\"widget\" data-e-type=\"widget\" data-settings=\"{&quot;skin&quot;:&quot;slideshow&quot;,&quot;effect&quot;:&quot;fade&quot;,&quot;slideshow_slides_per_view&quot;:&quot;5&quot;,&quot;centered_slides&quot;:&quot;yes&quot;,&quot;autoplay_speed&quot;:3500,&quot;space_between&quot;:{&quot;unit&quot;:&quot;px&quot;,&quot;size&quot;:5,&quot;sizes&quot;:[]},&quot;slideshow_slides_per_view_tablet&quot;:&quot;5&quot;,&quot;slideshow_slides_per_view_mobile&quot;:&quot;3&quot;,&quot;show_arrows&quot;:&quot;yes&quot;,&quot;speed&quot;:500,&quot;autoplay&quot;:&quot;yes&quot;,&quot;loop&quot;:&quot;yes&quot;,&quot;pause_on_hover&quot;:&quot;yes&quot;,&quot;pause_on_interaction&quot;:&quot;yes&quot;,&quot;space_between_tablet&quot;:{&quot;unit&quot;:&quot;px&quot;,&quot;size&quot;:10,&quot;sizes&quot;:[]},&quot;space_between_mobile&quot;:{&quot;unit&quot;:&quot;px&quot;,&quot;size&quot;:10,&quot;sizes&quot;:[]}}\" data-widget_type=\"media-carousel.default\">\n\t\t\t\t<div class=\"elementor-widget-container\">\n\t\t\t\t\t\t\t\t\t<div class=\"elementor-swiper\">\n\t\t\t\t\t<div class=\"elementor-main-swiper swiper\" role=\"region\" aria-roledescription=\"carousel\" aria-label=\"Diapositivas\">\n\t\t\t\t<div class=\"swiper-wrapper\">\n\t\t\t\t\t\t\t\t\t\t\t<div class=\"swiper-slide\" role=\"group\" aria-roledescription=\"slide\">\n\t\t\t\t\t\t\t<a href=\"https:\/\/apartamentos-centro.com\/wp-content\/uploads\/Apartamento-deluxe-con-terraza-402-centro-jardines.webp\" data-elementor-open-lightbox=\"yes\" data-elementor-lightbox-slideshow=\"4d1c5436\" data-elementor-lightbox-title=\"Apartamento deluxe con terraza centro jardines\" data-elementor-lightbox-description=\"Apartamento deluxe con terraza centro jardines\" data-e-action-hash=\"#elementor-action%3Aaction%3Dlightbox%26settings%3DeyJpZCI6MTgzMywidXJsIjoiaHR0cHM6XC9cL2FwYXJ0YW1lbnRvcy1jZW50cm8uY29tXC9lblwvd3AtY29udGVudFwvdXBsb2Fkc1wvc2l0ZXNcLzJcL0FwYXJ0YW1lbnRvLWRlbHV4ZS1jb24tdGVycmF6YS00MDItY2VudHJvLWphcmRpbmVzLndlYnAiLCJzbGlkZXNob3ciOiI0ZDFjNTQzNiJ9\">\t\t<div class=\"elementor-carousel-image\" role=\"img\" aria-label=\"Apartamento deluxe con terraza centro jardines\" style=\"background-image: url(&#039;https:\/\/apartamentos-centro.com\/en\/wp-content\/uploads\/sites\/2\/Apartamento-deluxe-con-terraza-402-centro-jardines.webp&#039;)\">\n\n\t\t\t\n\t\t\t\t\t<\/div>\n\t\t<\/a>\t\t\t\t\t\t<\/div>\n\t\t\t\t\t\t\t\t\t\t\t<div class=\"swiper-slide\" role=\"group\" aria-roledescription=\"slide\">\n\t\t\t\t\t\t\t<a href=\"https:\/\/apartamentos-centro.com\/wp-content\/uploads\/Apartamento-deluxe-con-terraza-acceso-doble-centro-jardines.webp\" data-elementor-open-lightbox=\"yes\" data-elementor-lightbox-slideshow=\"4d1c5436\" data-elementor-lightbox-title=\"Apartamento deluxe con terraza acceso doble centro jardines\" data-elementor-lightbox-description=\"Apartamento deluxe con terraza acceso doble centro jardines\" data-e-action-hash=\"#elementor-action%3Aaction%3Dlightbox%26settings%3DeyJpZCI6MTgzNCwidXJsIjoiaHR0cHM6XC9cL2FwYXJ0YW1lbnRvcy1jZW50cm8uY29tXC9lblwvd3AtY29udGVudFwvdXBsb2Fkc1wvc2l0ZXNcLzJcL0FwYXJ0YW1lbnRvLWRlbHV4ZS1jb24tdGVycmF6YS1hY2Nlc28tZG9ibGUtY2VudHJvLWphcmRpbmVzLndlYnAiLCJzbGlkZXNob3ciOiI0ZDFjNTQzNiJ9\">\t\t<div class=\"elementor-carousel-image\" role=\"img\" aria-label=\"Apartamento deluxe con terraza acceso doble centro jardines\" style=\"background-image: url(&#039;https:\/\/apartamentos-centro.com\/en\/wp-content\/uploads\/sites\/2\/Apartamento-deluxe-con-terraza-acceso-doble-centro-jardines.webp&#039;)\">\n\n\t\t\t\n\t\t\t\t\t<\/div>\n\t\t<\/a>\t\t\t\t\t\t<\/div>\n\t\t\t\t\t\t\t\t\t\t\t<div class=\"swiper-slide\" role=\"group\" aria-roledescription=\"slide\">\n\t\t\t\t\t\t\t<a href=\"https:\/\/apartamentos-centro.com\/wp-content\/uploads\/Apartamento-deluxe-con-terraza-cama-y-sofa-cama-centro-jardines.webp\" data-elementor-open-lightbox=\"yes\" data-elementor-lightbox-slideshow=\"4d1c5436\" data-elementor-lightbox-title=\"Apartamento deluxe con terraza cama y sofa cama centro jardines\" data-elementor-lightbox-description=\"Apartamento deluxe con terraza cama y sofa cama centro jardines\" data-e-action-hash=\"#elementor-action%3Aaction%3Dlightbox%26settings%3DeyJpZCI6MTgzNSwidXJsIjoiaHR0cHM6XC9cL2FwYXJ0YW1lbnRvcy1jZW50cm8uY29tXC9lblwvd3AtY29udGVudFwvdXBsb2Fkc1wvc2l0ZXNcLzJcL0FwYXJ0YW1lbnRvLWRlbHV4ZS1jb24tdGVycmF6YS1jYW1hLXktc29mYS1jYW1hLWNlbnRyby1qYXJkaW5lcy53ZWJwIiwic2xpZGVzaG93IjoiNGQxYzU0MzYifQ%3D%3D\">\t\t<div class=\"elementor-carousel-image\" role=\"img\" aria-label=\"Apartamento deluxe con terraza cama y sofa cama centro jardines\" style=\"background-image: url(&#039;https:\/\/apartamentos-centro.com\/en\/wp-content\/uploads\/sites\/2\/Apartamento-deluxe-con-terraza-cama-y-sofa-cama-centro-jardines.webp&#039;)\">\n\n\t\t\t\n\t\t\t\t\t<\/div>\n\t\t<\/a>\t\t\t\t\t\t<\/div>\n\t\t\t\t\t\t\t\t\t\t\t<div class=\"swiper-slide\" role=\"group\" aria-roledescription=\"slide\">\n\t\t\t\t\t\t\t<a href=\"https:\/\/apartamentos-centro.com\/wp-content\/uploads\/Apartamento-deluxe-con-terraza-cama-de-matrimonio-centro-jardines.webp\" data-elementor-open-lightbox=\"yes\" data-elementor-lightbox-slideshow=\"4d1c5436\" data-elementor-lightbox-title=\"Apartamento deluxe con terraza cama de matrimonio centro jardines\" data-elementor-lightbox-description=\"Apartamento deluxe con terraza cama de matrimonio centro jardines\" data-e-action-hash=\"#elementor-action%3Aaction%3Dlightbox%26settings%3DeyJpZCI6MTgzNiwidXJsIjoiaHR0cHM6XC9cL2FwYXJ0YW1lbnRvcy1jZW50cm8uY29tXC9lblwvd3AtY29udGVudFwvdXBsb2Fkc1wvc2l0ZXNcLzJcL0FwYXJ0YW1lbnRvLWRlbHV4ZS1jb24tdGVycmF6YS1jYW1hLWRlLW1hdHJpbW9uaW8tY2VudHJvLWphcmRpbmVzLndlYnAiLCJzbGlkZXNob3ciOiI0ZDFjNTQzNiJ9\">\t\t<div class=\"elementor-carousel-image\" role=\"img\" aria-label=\"Apartamento deluxe con terraza cama de matrimonio centro jardines\" style=\"background-image: url(&#039;https:\/\/apartamentos-centro.com\/en\/wp-content\/uploads\/sites\/2\/Apartamento-deluxe-con-terraza-cama-de-matrimonio-centro-jardines.webp&#039;)\">\n\n\t\t\t\n\t\t\t\t\t<\/div>\n\t\t<\/a>\t\t\t\t\t\t<\/div>\n\t\t\t\t\t\t\t\t\t\t\t<div class=\"swiper-slide\" role=\"group\" aria-roledescription=\"slide\">\n\t\t\t\t\t\t\t<a href=\"https:\/\/apartamentos-centro.com\/wp-content\/uploads\/Apartamento-deluxe-con-terraza.webp\" data-elementor-open-lightbox=\"yes\" data-elementor-lightbox-slideshow=\"4d1c5436\" data-elementor-lightbox-title=\"Apartamento deluxe con terraza\" data-elementor-lightbox-description=\"Apartamento deluxe con terraza\" data-e-action-hash=\"#elementor-action%3Aaction%3Dlightbox%26settings%3DeyJpZCI6MTgzNywidXJsIjoiaHR0cHM6XC9cL2FwYXJ0YW1lbnRvcy1jZW50cm8uY29tXC9lblwvd3AtY29udGVudFwvdXBsb2Fkc1wvc2l0ZXNcLzJcL0FwYXJ0YW1lbnRvLWRlbHV4ZS1jb24tdGVycmF6YS53ZWJwIiwic2xpZGVzaG93IjoiNGQxYzU0MzYifQ%3D%3D\">\t\t<div class=\"elementor-carousel-image\" role=\"img\" aria-label=\"Apartamento deluxe con terraza\" style=\"background-image: url(&#039;https:\/\/apartamentos-centro.com\/en\/wp-content\/uploads\/sites\/2\/Apartamento-deluxe-con-terraza.webp&#039;)\">\n\n\t\t\t\n\t\t\t\t\t<\/div>\n\t\t<\/a>\t\t\t\t\t\t<\/div>\n\t\t\t\t\t\t\t\t\t\t\t<div class=\"swiper-slide\" role=\"group\" aria-roledescription=\"slide\">\n\t\t\t\t\t\t\t<a href=\"https:\/\/apartamentos-centro.com\/wp-content\/uploads\/Apartamento-deluxe-con-terraza-cocina-centro-jardines.webp\" data-elementor-open-lightbox=\"yes\" data-elementor-lightbox-slideshow=\"4d1c5436\" data-elementor-lightbox-title=\"Apartamento deluxe con terraza cocina centro jardines\" data-elementor-lightbox-description=\"Apartamento deluxe con terraza cocina centro jardines\" data-e-action-hash=\"#elementor-action%3Aaction%3Dlightbox%26settings%3DeyJpZCI6MTgzOCwidXJsIjoiaHR0cHM6XC9cL2FwYXJ0YW1lbnRvcy1jZW50cm8uY29tXC9lblwvd3AtY29udGVudFwvdXBsb2Fkc1wvc2l0ZXNcLzJcL0FwYXJ0YW1lbnRvLWRlbHV4ZS1jb24tdGVycmF6YS1jb2NpbmEtY2VudHJvLWphcmRpbmVzLndlYnAiLCJzbGlkZXNob3ciOiI0ZDFjNTQzNiJ9\">\t\t<div class=\"elementor-carousel-image\" role=\"img\" aria-label=\"Apartamento deluxe con terraza cocina centro jardines\" style=\"background-image: url(&#039;https:\/\/apartamentos-centro.com\/en\/wp-content\/uploads\/sites\/2\/Apartamento-deluxe-con-terraza-cocina-centro-jardines.webp&#039;)\">\n\n\t\t\t\n\t\t\t\t\t<\/div>\n\t\t<\/a>\t\t\t\t\t\t<\/div>\n\t\t\t\t\t\t\t\t\t\t\t<div class=\"swiper-slide\" role=\"group\" aria-roledescription=\"slide\">\n\t\t\t\t\t\t\t<a href=\"https:\/\/apartamentos-centro.com\/wp-content\/uploads\/Apartamento-deluxe-con-terraza-con-vistas-centro-jardines.webp\" data-elementor-open-lightbox=\"yes\" data-elementor-lightbox-slideshow=\"4d1c5436\" data-elementor-lightbox-title=\"Apartamento deluxe con terraza con vistas centro jardines\" data-elementor-lightbox-description=\"Apartamento deluxe con terraza con vistas centro jardines\" data-e-action-hash=\"#elementor-action%3Aaction%3Dlightbox%26settings%3DeyJpZCI6MTgzOSwidXJsIjoiaHR0cHM6XC9cL2FwYXJ0YW1lbnRvcy1jZW50cm8uY29tXC9lblwvd3AtY29udGVudFwvdXBsb2Fkc1wvc2l0ZXNcLzJcL0FwYXJ0YW1lbnRvLWRlbHV4ZS1jb24tdGVycmF6YS1jb24tdmlzdGFzLWNlbnRyby1qYXJkaW5lcy53ZWJwIiwic2xpZGVzaG93IjoiNGQxYzU0MzYifQ%3D%3D\">\t\t<div class=\"elementor-carousel-image\" role=\"img\" aria-label=\"Apartamento deluxe con terraza con vistas centro jardines\" style=\"background-image: url(&#039;https:\/\/apartamentos-centro.com\/en\/wp-content\/uploads\/sites\/2\/Apartamento-deluxe-con-terraza-con-vistas-centro-jardines.webp&#039;)\">\n\n\t\t\t\n\t\t\t\t\t<\/div>\n\t\t<\/a>\t\t\t\t\t\t<\/div>\n\t\t\t\t\t\t\t\t\t\t\t<div class=\"swiper-slide\" role=\"group\" aria-roledescription=\"slide\">\n\t\t\t\t\t\t\t<a href=\"https:\/\/apartamentos-centro.com\/wp-content\/uploads\/Apartamento-deluxe-con-terraza-mesita-terraza-centro-jardines.webp\" data-elementor-open-lightbox=\"yes\" data-elementor-lightbox-slideshow=\"4d1c5436\" data-elementor-lightbox-title=\"Apartamento deluxe con terraza mesita terraza centro jardines\" data-elementor-lightbox-description=\"Apartamento deluxe con terraza mesita terraza centro jardines\" data-e-action-hash=\"#elementor-action%3Aaction%3Dlightbox%26settings%3DeyJpZCI6MTg0MCwidXJsIjoiaHR0cHM6XC9cL2FwYXJ0YW1lbnRvcy1jZW50cm8uY29tXC9lblwvd3AtY29udGVudFwvdXBsb2Fkc1wvc2l0ZXNcLzJcL0FwYXJ0YW1lbnRvLWRlbHV4ZS1jb24tdGVycmF6YS1tZXNpdGEtdGVycmF6YS1jZW50cm8tamFyZGluZXMud2VicCIsInNsaWRlc2hvdyI6IjRkMWM1NDM2In0%3D\">\t\t<div class=\"elementor-carousel-image\" role=\"img\" aria-label=\"Apartamento deluxe con terraza mesita terraza centro jardines\" style=\"background-image: url(&#039;https:\/\/apartamentos-centro.com\/en\/wp-content\/uploads\/sites\/2\/Apartamento-deluxe-con-terraza-mesita-terraza-centro-jardines.webp&#039;)\">\n\n\t\t\t\n\t\t\t\t\t<\/div>\n\t\t<\/a>\t\t\t\t\t\t<\/div>\n\t\t\t\t\t\t\t\t\t\t\t<div class=\"swiper-slide\" role=\"group\" aria-roledescription=\"slide\">\n\t\t\t\t\t\t\t<a href=\"https:\/\/apartamentos-centro.com\/wp-content\/uploads\/Apartamento-deluxe-con-terraza-mobiliario-terraza-centro-jardines.webp\" data-elementor-open-lightbox=\"yes\" data-elementor-lightbox-slideshow=\"4d1c5436\" data-elementor-lightbox-title=\"Apartamento deluxe con terraza mobiliario terraza centro jardines\" data-elementor-lightbox-description=\"Apartamento deluxe con terraza mobiliario terraza centro jardines\" data-e-action-hash=\"#elementor-action%3Aaction%3Dlightbox%26settings%3DeyJpZCI6MTg0MSwidXJsIjoiaHR0cHM6XC9cL2FwYXJ0YW1lbnRvcy1jZW50cm8uY29tXC9lblwvd3AtY29udGVudFwvdXBsb2Fkc1wvc2l0ZXNcLzJcL0FwYXJ0YW1lbnRvLWRlbHV4ZS1jb24tdGVycmF6YS1tb2JpbGlhcmlvLXRlcnJhemEtY2VudHJvLWphcmRpbmVzLndlYnAiLCJzbGlkZXNob3ciOiI0ZDFjNTQzNiJ9\">\t\t<div class=\"elementor-carousel-image\" role=\"img\" aria-label=\"Apartamento deluxe con terraza mobiliario terraza centro jardines\" style=\"background-image: url(&#039;https:\/\/apartamentos-centro.com\/en\/wp-content\/uploads\/sites\/2\/Apartamento-deluxe-con-terraza-mobiliario-terraza-centro-jardines.webp&#039;)\">\n\n\t\t\t\n\t\t\t\t\t<\/div>\n\t\t<\/a>\t\t\t\t\t\t<\/div>\n\t\t\t\t\t\t\t\t\t\t\t<div class=\"swiper-slide\" role=\"group\" aria-roledescription=\"slide\">\n\t\t\t\t\t\t\t<a href=\"https:\/\/apartamentos-centro.com\/wp-content\/uploads\/Apartamento-deluxe-con-terraza-sillas-terraza-centro-jardines.webp\" data-elementor-open-lightbox=\"yes\" data-elementor-lightbox-slideshow=\"4d1c5436\" data-elementor-lightbox-title=\"Apartamento deluxe con terraza sillas terraza centro jardines\" data-elementor-lightbox-description=\"Apartamento deluxe con terraza sillas terraza centro jardines\" data-e-action-hash=\"#elementor-action%3Aaction%3Dlightbox%26settings%3DeyJpZCI6MTg0MiwidXJsIjoiaHR0cHM6XC9cL2FwYXJ0YW1lbnRvcy1jZW50cm8uY29tXC9lblwvd3AtY29udGVudFwvdXBsb2Fkc1wvc2l0ZXNcLzJcL0FwYXJ0YW1lbnRvLWRlbHV4ZS1jb24tdGVycmF6YS1zaWxsYXMtdGVycmF6YS1jZW50cm8tamFyZGluZXMud2VicCIsInNsaWRlc2hvdyI6IjRkMWM1NDM2In0%3D\">\t\t<div class=\"elementor-carousel-image\" role=\"img\" aria-label=\"Apartamento deluxe con terraza sillas terraza centro jardines\" style=\"background-image: url(&#039;https:\/\/apartamentos-centro.com\/en\/wp-content\/uploads\/sites\/2\/Apartamento-deluxe-con-terraza-sillas-terraza-centro-jardines.webp&#039;)\">\n\n\t\t\t\n\t\t\t\t\t<\/div>\n\t\t<\/a>\t\t\t\t\t\t<\/div>\n\t\t\t\t\t\t\t\t\t\t\t<div class=\"swiper-slide\" role=\"group\" aria-roledescription=\"slide\">\n\t\t\t\t\t\t\t<a href=\"https:\/\/apartamentos-centro.com\/wp-content\/uploads\/Apartamento-deluxe-con-terraza-vistas-a-Madrid-centro-jardines-1.webp\" data-elementor-open-lightbox=\"yes\" data-elementor-lightbox-slideshow=\"4d1c5436\" data-elementor-lightbox-title=\"Apartamento deluxe con terraza vistas a Madrid centro jardines\" data-elementor-lightbox-description=\"Apartamento deluxe con terraza vistas a Madrid centro jardines\" data-e-action-hash=\"#elementor-action%3Aaction%3Dlightbox%26settings%3DeyJpZCI6MTg0MywidXJsIjoiaHR0cHM6XC9cL2FwYXJ0YW1lbnRvcy1jZW50cm8uY29tXC9lblwvd3AtY29udGVudFwvdXBsb2Fkc1wvc2l0ZXNcLzJcL0FwYXJ0YW1lbnRvLWRlbHV4ZS1jb24tdGVycmF6YS12aXN0YXMtYS1NYWRyaWQtY2VudHJvLWphcmRpbmVzLTEud2VicCIsInNsaWRlc2hvdyI6IjRkMWM1NDM2In0%3D\">\t\t<div class=\"elementor-carousel-image\" role=\"img\" aria-label=\"Apartamento deluxe con terraza vistas a Madrid centro jardines\" style=\"background-image: url(&#039;https:\/\/apartamentos-centro.com\/en\/wp-content\/uploads\/sites\/2\/Apartamento-deluxe-con-terraza-vistas-a-Madrid-centro-jardines-1.webp&#039;)\">\n\n\t\t\t\n\t\t\t\t\t<\/div>\n\t\t<\/a>\t\t\t\t\t\t<\/div>\n\t\t\t\t\t\t\t\t\t\t\t<div class=\"swiper-slide\" role=\"group\" aria-roledescription=\"slide\">\n\t\t\t\t\t\t\t<a href=\"https:\/\/apartamentos-centro.com\/wp-content\/uploads\/Apartamento-deluxe-con-terraza-ducha-centro-jardines.webp\" data-elementor-open-lightbox=\"yes\" data-elementor-lightbox-slideshow=\"4d1c5436\" data-elementor-lightbox-title=\"Apartamento deluxe con terraza ducha centro jardines\" data-elementor-lightbox-description=\"Apartamento deluxe con terraza ducha centro jardines\" data-e-action-hash=\"#elementor-action%3Aaction%3Dlightbox%26settings%3DeyJpZCI6MTg0NCwidXJsIjoiaHR0cHM6XC9cL2FwYXJ0YW1lbnRvcy1jZW50cm8uY29tXC9lblwvd3AtY29udGVudFwvdXBsb2Fkc1wvc2l0ZXNcLzJcL0FwYXJ0YW1lbnRvLWRlbHV4ZS1jb24tdGVycmF6YS1kdWNoYS1jZW50cm8tamFyZGluZXMud2VicCIsInNsaWRlc2hvdyI6IjRkMWM1NDM2In0%3D\">\t\t<div class=\"elementor-carousel-image\" role=\"img\" aria-label=\"Apartamento deluxe con terraza ducha centro jardines\" style=\"background-image: url(&#039;https:\/\/apartamentos-centro.com\/en\/wp-content\/uploads\/sites\/2\/Apartamento-deluxe-con-terraza-ducha-centro-jardines.webp&#039;)\">\n\n\t\t\t\n\t\t\t\t\t<\/div>\n\t\t<\/a>\t\t\t\t\t\t<\/div>\n\t\t\t\t\t\t\t\t\t<\/div>\n\t\t\t\t\t\t\t\t\t\t\t\t\t\t\t<div class=\"elementor-swiper-button elementor-swiper-button-prev\" role=\"button\" tabindex=\"0\" aria-label=\"Anterior\">\n\t\t\t\t\t\t\t<svg aria-hidden=\"true\" class=\"e-font-icon-svg e-eicon-chevron-left\" viewBox=\"0 0 1000 1000\" xmlns=\"http:\/\/www.w3.org\/2000\/svg\"><path d=\"M646 125C629 125 613 133 604 142L308 442C296 454 292 471 292 487 292 504 296 521 308 533L604 854C617 867 629 875 646 875 663 875 679 871 692 858 704 846 713 829 713 812 713 796 708 779 692 767L438 487 692 225C700 217 708 204 708 187 708 171 704 154 692 142 675 129 663 125 646 125Z\"><\/path><\/svg>\t\t\t\t\t\t<\/div>\n\t\t\t\t\t\t<div class=\"elementor-swiper-button elementor-swiper-button-next\" role=\"button\" tabindex=\"0\" aria-label=\"Siguiente\">\n\t\t\t\t\t\t\t<svg aria-hidden=\"true\" class=\"e-font-icon-svg e-eicon-chevron-right\" viewBox=\"0 0 1000 1000\" xmlns=\"http:\/\/www.w3.org\/2000\/svg\"><path d=\"M696 533C708 521 713 504 713 487 713 471 708 454 696 446L400 146C388 133 375 125 354 125 338 125 325 129 313 142 300 154 292 171 292 187 292 204 296 221 308 233L563 492 304 771C292 783 288 800 288 817 288 833 296 850 308 863 321 871 338 875 354 875 371 875 388 867 400 854L696 533Z\"><\/path><\/svg>\t\t\t\t\t\t<\/div>\n\t\t\t\t\t\t\t\t\t\t\t\t\t\t\t\t\t<\/div>\n\t\t\t\t<\/div>\n\t\t\t\t\t\t\t\t<div class=\"elementor-swiper\">\n\t\t\t\t\t<div class=\"elementor-main-swiper swiper elementor-thumbnails-swiper swiper\" role=\"region region\" aria-roledescription=\"carousel carousel\" aria-label=\"Diapositivas Diapositivas\">\n\t\t\t\t<div class=\"swiper-wrapper\">\n\t\t\t\t\t\t\t\t\t\t\t<div class=\"swiper-slide\" role=\"group\" aria-roledescription=\"slide\">\n\t\t\t\t\t\t\t\t\t<div class=\"elementor-carousel-image\" role=\"img\" aria-label=\"Apartamento deluxe con terraza centro jardines\" style=\"background-image: url(&#039;https:\/\/apartamentos-centro.com\/en\/wp-content\/uploads\/sites\/2\/Apartamento-deluxe-con-terraza-402-centro-jardines.webp&#039;)\">\n\n\t\t\t\n\t\t\t\t\t<\/div>\n\t\t<\/a>\t\t\t\t\t\t<\/div>\n\t\t\t\t\t\t\t\t\t\t\t<div class=\"swiper-slide\" role=\"group\" aria-roledescription=\"slide\">\n\t\t\t\t\t\t\t\t\t<div class=\"elementor-carousel-image\" role=\"img\" aria-label=\"Apartamento deluxe con terraza acceso doble centro jardines\" style=\"background-image: url(&#039;https:\/\/apartamentos-centro.com\/en\/wp-content\/uploads\/sites\/2\/Apartamento-deluxe-con-terraza-acceso-doble-centro-jardines.webp&#039;)\">\n\n\t\t\t\n\t\t\t\t\t<\/div>\n\t\t<\/a>\t\t\t\t\t\t<\/div>\n\t\t\t\t\t\t\t\t\t\t\t<div class=\"swiper-slide\" role=\"group\" aria-roledescription=\"slide\">\n\t\t\t\t\t\t\t\t\t<div class=\"elementor-carousel-image\" role=\"img\" aria-label=\"Apartamento deluxe con terraza cama y sofa cama centro jardines\" style=\"background-image: url(&#039;https:\/\/apartamentos-centro.com\/en\/wp-content\/uploads\/sites\/2\/Apartamento-deluxe-con-terraza-cama-y-sofa-cama-centro-jardines.webp&#039;)\">\n\n\t\t\t\n\t\t\t\t\t<\/div>\n\t\t<\/a>\t\t\t\t\t\t<\/div>\n\t\t\t\t\t\t\t\t\t\t\t<div class=\"swiper-slide\" role=\"group\" aria-roledescription=\"slide\">\n\t\t\t\t\t\t\t\t\t<div class=\"elementor-carousel-image\" role=\"img\" aria-label=\"Apartamento deluxe con terraza cama de matrimonio centro jardines\" style=\"background-image: url(&#039;https:\/\/apartamentos-centro.com\/en\/wp-content\/uploads\/sites\/2\/Apartamento-deluxe-con-terraza-cama-de-matrimonio-centro-jardines.webp&#039;)\">\n\n\t\t\t\n\t\t\t\t\t<\/div>\n\t\t<\/a>\t\t\t\t\t\t<\/div>\n\t\t\t\t\t\t\t\t\t\t\t<div class=\"swiper-slide\" role=\"group\" aria-roledescription=\"slide\">\n\t\t\t\t\t\t\t\t\t<div class=\"elementor-carousel-image\" role=\"img\" aria-label=\"Apartamento deluxe con terraza\" style=\"background-image: url(&#039;https:\/\/apartamentos-centro.com\/en\/wp-content\/uploads\/sites\/2\/Apartamento-deluxe-con-terraza.webp&#039;)\">\n\n\t\t\t\n\t\t\t\t\t<\/div>\n\t\t<\/a>\t\t\t\t\t\t<\/div>\n\t\t\t\t\t\t\t\t\t\t\t<div class=\"swiper-slide\" role=\"group\" aria-roledescription=\"slide\">\n\t\t\t\t\t\t\t\t\t<div class=\"elementor-carousel-image\" role=\"img\" aria-label=\"Apartamento deluxe con terraza cocina centro jardines\" style=\"background-image: url(&#039;https:\/\/apartamentos-centro.com\/en\/wp-content\/uploads\/sites\/2\/Apartamento-deluxe-con-terraza-cocina-centro-jardines.webp&#039;)\">\n\n\t\t\t\n\t\t\t\t\t<\/div>\n\t\t<\/a>\t\t\t\t\t\t<\/div>\n\t\t\t\t\t\t\t\t\t\t\t<div class=\"swiper-slide\" role=\"group\" aria-roledescription=\"slide\">\n\t\t\t\t\t\t\t\t\t<div class=\"elementor-carousel-image\" role=\"img\" aria-label=\"Apartamento deluxe con terraza con vistas centro jardines\" style=\"background-image: url(&#039;https:\/\/apartamentos-centro.com\/en\/wp-content\/uploads\/sites\/2\/Apartamento-deluxe-con-terraza-con-vistas-centro-jardines.webp&#039;)\">\n\n\t\t\t\n\t\t\t\t\t<\/div>\n\t\t<\/a>\t\t\t\t\t\t<\/div>\n\t\t\t\t\t\t\t\t\t\t\t<div class=\"swiper-slide\" role=\"group\" aria-roledescription=\"slide\">\n\t\t\t\t\t\t\t\t\t<div class=\"elementor-carousel-image\" role=\"img\" aria-label=\"Apartamento deluxe con terraza mesita terraza centro jardines\" style=\"background-image: url(&#039;https:\/\/apartamentos-centro.com\/en\/wp-content\/uploads\/sites\/2\/Apartamento-deluxe-con-terraza-mesita-terraza-centro-jardines.webp&#039;)\">\n\n\t\t\t\n\t\t\t\t\t<\/div>\n\t\t<\/a>\t\t\t\t\t\t<\/div>\n\t\t\t\t\t\t\t\t\t\t\t<div class=\"swiper-slide\" role=\"group\" aria-roledescription=\"slide\">\n\t\t\t\t\t\t\t\t\t<div class=\"elementor-carousel-image\" role=\"img\" aria-label=\"Apartamento deluxe con terraza mobiliario terraza centro jardines\" style=\"background-image: url(&#039;https:\/\/apartamentos-centro.com\/en\/wp-content\/uploads\/sites\/2\/Apartamento-deluxe-con-terraza-mobiliario-terraza-centro-jardines.webp&#039;)\">\n\n\t\t\t\n\t\t\t\t\t<\/div>\n\t\t<\/a>\t\t\t\t\t\t<\/div>\n\t\t\t\t\t\t\t\t\t\t\t<div class=\"swiper-slide\" role=\"group\" aria-roledescription=\"slide\">\n\t\t\t\t\t\t\t\t\t<div class=\"elementor-carousel-image\" role=\"img\" aria-label=\"Apartamento deluxe con terraza sillas terraza centro jardines\" style=\"background-image: url(&#039;https:\/\/apartamentos-centro.com\/en\/wp-content\/uploads\/sites\/2\/Apartamento-deluxe-con-terraza-sillas-terraza-centro-jardines.webp&#039;)\">\n\n\t\t\t\n\t\t\t\t\t<\/div>\n\t\t<\/a>\t\t\t\t\t\t<\/div>\n\t\t\t\t\t\t\t\t\t\t\t<div class=\"swiper-slide\" role=\"group\" aria-roledescription=\"slide\">\n\t\t\t\t\t\t\t\t\t<div class=\"elementor-carousel-image\" role=\"img\" aria-label=\"Apartamento deluxe con terraza vistas a Madrid centro jardines\" style=\"background-image: url(&#039;https:\/\/apartamentos-centro.com\/en\/wp-content\/uploads\/sites\/2\/Apartamento-deluxe-con-terraza-vistas-a-Madrid-centro-jardines-1.webp&#039;)\">\n\n\t\t\t\n\t\t\t\t\t<\/div>\n\t\t<\/a>\t\t\t\t\t\t<\/div>\n\t\t\t\t\t\t\t\t\t\t\t<div class=\"swiper-slide\" role=\"group\" aria-roledescription=\"slide\">\n\t\t\t\t\t\t\t\t\t<div class=\"elementor-carousel-image\" role=\"img\" aria-label=\"Apartamento deluxe con terraza ducha centro jardines\" style=\"background-image: url(&#039;https:\/\/apartamentos-centro.com\/en\/wp-content\/uploads\/sites\/2\/Apartamento-deluxe-con-terraza-ducha-centro-jardines.webp&#039;)\">\n\n\t\t\t\n\t\t\t\t\t<\/div>\n\t\t<\/a>\t\t\t\t\t\t<\/div>\n\t\t\t\t\t\t\t\t\t<\/div>\n\t\t\t\t\t\t\t\t\t\t\t\t\t\t\t\t\t\t\t\t\t<\/div>\n\t\t\t\t<\/div>\n\t\t\t\t\t\t\t\t<\/div>\n\t\t\t\t<\/div>\n\t\t\t\t<div class=\"elementor-element elementor-element-64e32993 elementor-icon-list--layout-inline elementor-list-item-link-full_width elementor-widget elementor-widget-icon-list\" data-id=\"64e32993\" data-element_type=\"widget\" data-e-type=\"widget\" data-widget_type=\"icon-list.default\">\n\t\t\t\t<div class=\"elementor-widget-container\">\n\t\t\t\t\t\t\t<ul class=\"elementor-icon-list-items elementor-inline-items\">\n\t\t\t\t\t\t\t<li class=\"elementor-icon-list-item elementor-inline-item\">\n\t\t\t\t\t\t\t\t\t\t\t<span class=\"elementor-icon-list-icon\">\n\t\t\t\t\t\t\t<svg aria-hidden=\"true\" class=\"e-font-icon-svg e-fas-user\" viewBox=\"0 0 448 512\" xmlns=\"http:\/\/www.w3.org\/2000\/svg\"><path d=\"M224 256c70.7 0 128-57.3 128-128S294.7 0 224 0 96 57.3 96 128s57.3 128 128 128zm89.6 32h-16.7c-22.2 10.2-46.9 16-72.9 16s-50.6-5.8-72.9-16h-16.7C60.2 288 0 348.2 0 422.4V464c0 26.5 21.5 48 48 48h352c26.5 0 48-21.5 48-48v-41.6c0-74.2-60.2-134.4-134.4-134.4z\"><\/path><\/svg>\t\t\t\t\t\t<\/span>\n\t\t\t\t\t\t\t\t\t\t<span class=\"elementor-icon-list-text\">x4<\/span>\n\t\t\t\t\t\t\t\t\t<\/li>\n\t\t\t\t\t\t\t\t<li class=\"elementor-icon-list-item elementor-inline-item\">\n\t\t\t\t\t\t\t\t\t\t\t<span class=\"elementor-icon-list-icon\">\n\t\t\t\t\t\t\t<i aria-hidden=\"true\" class=\"eci  Hoteles3-beds\"><\/i>\t\t\t\t\t\t<\/span>\n\t\t\t\t\t\t\t\t\t\t<span class=\"elementor-icon-list-text\">x2<\/span>\n\t\t\t\t\t\t\t\t\t<\/li>\n\t\t\t\t\t\t\t\t<li class=\"elementor-icon-list-item elementor-inline-item\">\n\t\t\t\t\t\t\t\t\t\t\t<span class=\"elementor-icon-list-icon\">\n\t\t\t\t\t\t\t<i aria-hidden=\"true\" class=\"eci  Iconos-kitchen2\"><\/i>\t\t\t\t\t\t<\/span>\n\t\t\t\t\t\t\t\t\t\t<span class=\"elementor-icon-list-text\">Cocina<\/span>\n\t\t\t\t\t\t\t\t\t<\/li>\n\t\t\t\t\t\t\t\t<li class=\"elementor-icon-list-item elementor-inline-item\">\n\t\t\t\t\t\t\t\t\t\t\t<span class=\"elementor-icon-list-icon\">\n\t\t\t\t\t\t\t<i aria-hidden=\"true\" class=\"eci  Iconos-sofa\"><\/i>\t\t\t\t\t\t<\/span>\n\t\t\t\t\t\t\t\t\t\t<span class=\"elementor-icon-list-text\">Sof\u00e1 cama<\/span>\n\t\t\t\t\t\t\t\t\t<\/li>\n\t\t\t\t\t\t\t\t<li class=\"elementor-icon-list-item elementor-inline-item\">\n\t\t\t\t\t\t\t\t\t\t\t<span class=\"elementor-icon-list-icon\">\n\t\t\t\t\t\t\t<svg aria-hidden=\"true\" class=\"e-font-icon-svg e-fas-shower\" viewBox=\"0 0 512 512\" xmlns=\"http:\/\/www.w3.org\/2000\/svg\"><path d=\"M304,320a16,16,0,1,0,16,16A16,16,0,0,0,304,320Zm32-96a16,16,0,1,0,16,16A16,16,0,0,0,336,224Zm32,64a16,16,0,1,0-16-16A16,16,0,0,0,368,288Zm-32,32a16,16,0,1,0-16-16A16,16,0,0,0,336,320Zm-32-64a16,16,0,1,0,16,16A16,16,0,0,0,304,256Zm128-32a16,16,0,1,0-16-16A16,16,0,0,0,432,224Zm-48,16a16,16,0,1,0,16-16A16,16,0,0,0,384,240Zm-16-48a16,16,0,1,0,16,16A16,16,0,0,0,368,192Zm96,32a16,16,0,1,0,16,16A16,16,0,0,0,464,224Zm32-32a16,16,0,1,0,16,16A16,16,0,0,0,496,192Zm-64,64a16,16,0,1,0,16,16A16,16,0,0,0,432,256Zm-32,32a16,16,0,1,0,16,16A16,16,0,0,0,400,288Zm-64,64a16,16,0,1,0,16,16A16,16,0,0,0,336,352Zm-32,32a16,16,0,1,0,16,16A16,16,0,0,0,304,384Zm64-64a16,16,0,1,0,16,16A16,16,0,0,0,368,320Zm21.65-218.35-11.3-11.31a16,16,0,0,0-22.63,0L350.05,96A111.19,111.19,0,0,0,272,64c-19.24,0-37.08,5.3-52.9,13.85l-10-10A121.72,121.72,0,0,0,123.44,32C55.49,31.5,0,92.91,0,160.85V464a16,16,0,0,0,16,16H48a16,16,0,0,0,16-16V158.4c0-30.15,21-58.2,51-61.93a58.38,58.38,0,0,1,48.93,16.67l10,10C165.3,138.92,160,156.76,160,176a111.23,111.23,0,0,0,32,78.05l-5.66,5.67a16,16,0,0,0,0,22.62l11.3,11.31a16,16,0,0,0,22.63,0L389.65,124.28A16,16,0,0,0,389.65,101.65Z\"><\/path><\/svg>\t\t\t\t\t\t<\/span>\n\t\t\t\t\t\t\t\t\t\t<span class=\"elementor-icon-list-text\">Ducha<\/span>\n\t\t\t\t\t\t\t\t\t<\/li>\n\t\t\t\t\t\t<\/ul>\n\t\t\t\t\t\t<\/div>\n\t\t\t\t<\/div>\n\t\t\t\t\t<\/div>\n\t\t<\/div>\n\t\t\t\t<div class=\"elementor-column elementor-col-50 elementor-inner-column elementor-element elementor-element-5bae5daa\" data-id=\"5bae5daa\" data-element_type=\"column\" data-e-type=\"column\">\n\t\t\t<div class=\"elementor-widget-wrap elementor-element-populated\">\n\t\t\t\t\t\t<div class=\"elementor-element elementor-element-2938c42 elementor-widget elementor-widget-heading\" data-id=\"2938c42\" data-element_type=\"widget\" data-e-type=\"widget\" data-widget_type=\"heading.default\">\n\t\t\t\t<div class=\"elementor-widget-container\">\n\t\t\t\t\t<h2 class=\"elementor-heading-title elementor-size-default\">Apartamento deluxe con terraza<\/h2>\t\t\t\t<\/div>\n\t\t\t\t<\/div>\n\t\t\t\t<div class=\"elementor-element elementor-element-44f55d71 elementor-widget-divider--view-line elementor-widget elementor-widget-divider\" data-id=\"44f55d71\" data-element_type=\"widget\" data-e-type=\"widget\" data-widget_type=\"divider.default\">\n\t\t\t\t<div class=\"elementor-widget-container\">\n\t\t\t\t\t\t\t<div class=\"elementor-divider\">\n\t\t\t<span class=\"elementor-divider-separator\">\n\t\t\t\t\t\t<\/span>\n\t\t<\/div>\n\t\t\t\t\t\t<\/div>\n\t\t\t\t<\/div>\n\t\t\t\t<div class=\"elementor-element elementor-element-301dec7f elementor-tabs-view-horizontal elementor-widget elementor-widget-tabs\" data-id=\"301dec7f\" data-element_type=\"widget\" data-e-type=\"widget\" data-widget_type=\"tabs.default\">\n\t\t\t\t<div class=\"elementor-widget-container\">\n\t\t\t\t\t\t\t<div class=\"elementor-tabs\">\n\t\t\t<div class=\"elementor-tabs-wrapper\" role=\"tablist\" >\n\t\t\t\t\t\t\t\t\t<div id=\"elementor-tab-title-8071\" class=\"elementor-tab-title elementor-tab-desktop-title\" aria-selected=\"true\" data-tab=\"1\" role=\"tab\" tabindex=\"0\" aria-controls=\"elementor-tab-content-8071\" aria-expanded=\"false\">Descripci\u00f3n<\/div>\n\t\t\t\t\t\t\t\t\t<div id=\"elementor-tab-title-8072\" class=\"elementor-tab-title elementor-tab-desktop-title\" aria-selected=\"false\" data-tab=\"2\" role=\"tab\" tabindex=\"-1\" aria-controls=\"elementor-tab-content-8072\" aria-expanded=\"false\">Entorno<\/div>\n\t\t\t\t\t\t\t\t\t<div id=\"elementor-tab-title-8073\" class=\"elementor-tab-title elementor-tab-desktop-title\" aria-selected=\"false\" data-tab=\"3\" role=\"tab\" tabindex=\"-1\" aria-controls=\"elementor-tab-content-8073\" aria-expanded=\"false\">Localizaci\u00f3n<\/div>\n\t\t\t\t\t\t\t<\/div>\n\t\t\t<div class=\"elementor-tabs-content-wrapper\" role=\"tablist\" aria-orientation=\"vertical\">\n\t\t\t\t\t\t\t\t\t<div class=\"elementor-tab-title elementor-tab-mobile-title\" aria-selected=\"true\" data-tab=\"1\" role=\"tab\" tabindex=\"0\" aria-controls=\"elementor-tab-content-8071\" aria-expanded=\"false\">Descripci\u00f3n<\/div>\n\t\t\t\t\t<div id=\"elementor-tab-content-8071\" class=\"elementor-tab-content elementor-clearfix\" data-tab=\"1\" role=\"tabpanel\" aria-labelledby=\"elementor-tab-title-8071\" tabindex=\"0\" hidden=\"false\"><p style=\"text-align: justify;\">Apartamento Estandar con capacidad para 4 personas, cuenta con un dormitorio con 2 camas individuales de 0,90 x 1,80 o la posibilidad de juntarlas haciendo una cama de 1,80. Tambi\u00e9n cuenta con un fabuloso sof\u00e1 cama en el sal\u00f3n con cama de 1,50. Por otro lado, cuenta con una fant\u00e1stica cocina completamente equipada, con cafetera, tostadora, microondas, lavadora, y todos los cubiertos necesarios para disfrutar de una agradable estancia. Tambi\u00e9n cuenta con un maravilloso ba\u00f1o privado.<\/p><\/div>\n\t\t\t\t\t\t\t\t\t<div class=\"elementor-tab-title elementor-tab-mobile-title\" aria-selected=\"false\" data-tab=\"2\" role=\"tab\" tabindex=\"-1\" aria-controls=\"elementor-tab-content-8072\" aria-expanded=\"false\">Entorno<\/div>\n\t\t\t\t\t<div id=\"elementor-tab-content-8072\" class=\"elementor-tab-content elementor-clearfix\" data-tab=\"2\" role=\"tabpanel\" aria-labelledby=\"elementor-tab-title-8072\" tabindex=\"0\" hidden=\"hidden\"><p style=\"text-align: justify;\">Conoce nuestra <a href=\"https:\/\/www.disfrutamadrid.com\/\" target=\"_blanket\">gu\u00eda de Madrid<\/a>, de viajeros para viajeros y disfruta de numerosas excursiones y actividades en Madrid.<\/p><\/div>\n\t\t\t\t\t\t\t\t\t<div class=\"elementor-tab-title elementor-tab-mobile-title\" aria-selected=\"false\" data-tab=\"3\" role=\"tab\" tabindex=\"-1\" aria-controls=\"elementor-tab-content-8073\" aria-expanded=\"false\">Localizaci\u00f3n<\/div>\n\t\t\t\t\t<div id=\"elementor-tab-content-8073\" class=\"elementor-tab-content elementor-clearfix\" data-tab=\"3\" role=\"tabpanel\" aria-labelledby=\"elementor-tab-title-8073\" tabindex=\"0\" hidden=\"hidden\"><p style=\"text-align: justify;\">Estamos en pleno centro de Madrid, a escasos metros de la Puerta del Sol y a un paso de la Gran V\u00eda de Madrid<\/p><p><img fetchpriority=\"high\" decoding=\"async\" class=\"size-medium wp-image-3247\" title=\"Puerta del Sol\" src=\"https:\/\/apartamentoscentrojardines.com.aviratodesign.com\/wp-content\/uploads\/Puerta-del-Sol-300x200.jpg\" alt=\"Puerta del Sol\" width=\"300\" height=\"200\" \/><\/p><\/div>\n\t\t\t\t\t\t\t<\/div>\n\t\t<\/div>\n\t\t\t\t\t\t<\/div>\n\t\t\t\t<\/div>\n\t\t\t\t<div class=\"elementor-element elementor-element-34a22d37 elementor-widget elementor-widget-shortcode\" data-id=\"34a22d37\" data-element_type=\"widget\" data-e-type=\"widget\" data-widget_type=\"shortcode.default\">\n\t\t\t\t<div class=\"elementor-widget-container\">\n\t\t\t\t\t\t\t<div class=\"elementor-shortcode\"><\/div>\n\t\t\t\t\t\t<\/div>\n\t\t\t\t<\/div>\n\t\t\t\t<div class=\"elementor-element elementor-element-5fd7fd7e elementor-widget elementor-widget-button\" data-id=\"5fd7fd7e\" data-element_type=\"widget\" data-e-type=\"widget\" data-widget_type=\"button.default\">\n\t\t\t\t<div class=\"elementor-widget-container\">\n\t\t\t\t\t\t\t\t\t<div class=\"elementor-button-wrapper\">\n\t\t\t\t\t<a class=\"elementor-button elementor-button-link elementor-size-lg\" href=\"https:\/\/booking.avirato.com\/?code=25652059&#038;id_habitacion=13\" target=\"_blank\">\n\t\t\t\t\t\t<span class=\"elementor-button-content-wrapper\">\n\t\t\t\t\t\t<span class=\"elementor-button-icon\">\n\t\t\t\t<svg aria-hidden=\"true\" class=\"e-font-icon-svg e-fas-arrow-right\" viewBox=\"0 0 448 512\" xmlns=\"http:\/\/www.w3.org\/2000\/svg\"><path d=\"M190.5 66.9l22.2-22.2c9.4-9.4 24.6-9.4 33.9 0L441 239c9.4 9.4 9.4 24.6 0 33.9L246.6 467.3c-9.4 9.4-24.6 9.4-33.9 0l-22.2-22.2c-9.5-9.5-9.3-25 .4-34.3L311.4 296H24c-13.3 0-24-10.7-24-24v-32c0-13.3 10.7-24 24-24h287.4L190.9 101.2c-9.8-9.3-10-24.8-.4-34.3z\"><\/path><\/svg>\t\t\t<\/span>\n\t\t\t\t\t\t\t\t\t<span class=\"elementor-button-text\">Reservar<\/span>\n\t\t\t\t\t<\/span>\n\t\t\t\t\t<\/a>\n\t\t\t\t<\/div>\n\t\t\t\t\t\t\t\t<\/div>\n\t\t\t\t<\/div>\n\t\t\t\t\t<\/div>\n\t\t<\/div>\n\t\t\t\t\t<\/div>\n\t\t<\/section>\n\t\t\t\t\t<\/div>\n\t\t<\/div>\n\t\t\t\t\t<\/div>\n\t\t<\/section>\n\t\t\t\t<section class=\"elementor-section elementor-top-section elementor-element elementor-element-15c20263 elementor-section-boxed elementor-section-height-default elementor-section-height-default\" data-id=\"15c20263\" data-element_type=\"section\" data-e-type=\"section\" data-settings=\"{&quot;background_background&quot;:&quot;classic&quot;}\">\n\t\t\t\t\t\t<div class=\"elementor-container elementor-column-gap-default\">\n\t\t\t\t\t<div class=\"elementor-column elementor-col-100 elementor-top-column elementor-element elementor-element-500485b9\" data-id=\"500485b9\" data-element_type=\"column\" data-e-type=\"column\">\n\t\t\t<div class=\"elementor-widget-wrap elementor-element-populated\">\n\t\t\t\t\t\t<section class=\"elementor-section elementor-inner-section elementor-element elementor-element-db033f1 elementor-section-boxed elementor-section-height-default elementor-section-height-default\" data-id=\"db033f1\" data-element_type=\"section\" data-e-type=\"section\">\n\t\t\t\t\t\t<div class=\"elementor-container elementor-column-gap-default\">\n\t\t\t\t\t<div class=\"elementor-column elementor-col-50 elementor-inner-column elementor-element elementor-element-6ee75f9a\" data-id=\"6ee75f9a\" data-element_type=\"column\" data-e-type=\"column\" data-settings=\"{&quot;background_background&quot;:&quot;classic&quot;}\">\n\t\t\t<div class=\"elementor-widget-wrap elementor-element-populated\">\n\t\t\t\t\t\t<div class=\"elementor-element elementor-element-c500b20 elementor-widget elementor-widget-heading\" data-id=\"c500b20\" data-element_type=\"widget\" data-e-type=\"widget\" data-widget_type=\"heading.default\">\n\t\t\t\t<div class=\"elementor-widget-container\">\n\t\t\t\t\t<h2 class=\"elementor-heading-title elementor-size-default\">Servicios<\/h2>\t\t\t\t<\/div>\n\t\t\t\t<\/div>\n\t\t\t\t<div class=\"elementor-element elementor-element-3b7560f6 elementor-widget-divider--view-line elementor-widget elementor-widget-divider\" data-id=\"3b7560f6\" data-element_type=\"widget\" data-e-type=\"widget\" data-widget_type=\"divider.default\">\n\t\t\t\t<div class=\"elementor-widget-container\">\n\t\t\t\t\t\t\t<div class=\"elementor-divider\">\n\t\t\t<span class=\"elementor-divider-separator\">\n\t\t\t\t\t\t<\/span>\n\t\t<\/div>\n\t\t\t\t\t\t<\/div>\n\t\t\t\t<\/div>\n\t\t\t\t<div class=\"elementor-element elementor-element-17abb527 elementor-widget elementor-widget-text-editor\" data-id=\"17abb527\" data-element_type=\"widget\" data-e-type=\"widget\" data-widget_type=\"text-editor.default\">\n\t\t\t\t<div class=\"elementor-widget-container\">\n\t\t\t\t\t\t\t\t\t<p>Nuestros apartamentos cuentan con todos los servicios necesarios para disfrutar de una agradable estancia. Adem\u00e1s, su excelente ubicaci\u00f3n te permitir\u00e1 a acceder f\u00e1cilmente a todas actividades culturales y de ocio de la ciudad.<\/p>\t\t\t\t\t\t\t\t<\/div>\n\t\t\t\t<\/div>\n\t\t\t\t\t<\/div>\n\t\t<\/div>\n\t\t\t\t<div class=\"elementor-column elementor-col-50 elementor-inner-column elementor-element elementor-element-5ee3d589\" data-id=\"5ee3d589\" data-element_type=\"column\" data-e-type=\"column\">\n\t\t\t<div class=\"elementor-widget-wrap elementor-element-populated\">\n\t\t\t\t\t\t<div class=\"elementor-element elementor-element-1d9fd871 elementor-icon-list--layout-inline elementor-align-start elementor-list-item-link-full_width elementor-widget elementor-widget-icon-list\" data-id=\"1d9fd871\" data-element_type=\"widget\" data-e-type=\"widget\" data-widget_type=\"icon-list.default\">\n\t\t\t\t<div class=\"elementor-widget-container\">\n\t\t\t\t\t\t\t<ul class=\"elementor-icon-list-items elementor-inline-items\">\n\t\t\t\t\t\t\t<li class=\"elementor-icon-list-item elementor-inline-item\">\n\t\t\t\t\t\t\t\t\t\t\t<span class=\"elementor-icon-list-icon\">\n\t\t\t\t\t\t\t<svg aria-hidden=\"true\" class=\"e-font-icon-svg e-fas-wifi\" viewBox=\"0 0 640 512\" xmlns=\"http:\/\/www.w3.org\/2000\/svg\"><path d=\"M634.91 154.88C457.74-8.99 182.19-8.93 5.09 154.88c-6.66 6.16-6.79 16.59-.35 22.98l34.24 33.97c6.14 6.1 16.02 6.23 22.4.38 145.92-133.68 371.3-133.71 517.25 0 6.38 5.85 16.26 5.71 22.4-.38l34.24-33.97c6.43-6.39 6.3-16.82-.36-22.98zM320 352c-35.35 0-64 28.65-64 64s28.65 64 64 64 64-28.65 64-64-28.65-64-64-64zm202.67-83.59c-115.26-101.93-290.21-101.82-405.34 0-6.9 6.1-7.12 16.69-.57 23.15l34.44 33.99c6 5.92 15.66 6.32 22.05.8 83.95-72.57 209.74-72.41 293.49 0 6.39 5.52 16.05 5.13 22.05-.8l34.44-33.99c6.56-6.46 6.33-17.06-.56-23.15z\"><\/path><\/svg>\t\t\t\t\t\t<\/span>\n\t\t\t\t\t\t\t\t\t\t<span class=\"elementor-icon-list-text\">Wi-Fi<\/span>\n\t\t\t\t\t\t\t\t\t<\/li>\n\t\t\t\t\t\t\t\t<li class=\"elementor-icon-list-item elementor-inline-item\">\n\t\t\t\t\t\t\t\t\t\t\t<span class=\"elementor-icon-list-icon\">\n\t\t\t\t\t\t\t<svg aria-hidden=\"true\" class=\"e-font-icon-svg e-fas-tv\" viewBox=\"0 0 640 512\" xmlns=\"http:\/\/www.w3.org\/2000\/svg\"><path d=\"M592 0H48A48 48 0 0 0 0 48v320a48 48 0 0 0 48 48h240v32H112a16 16 0 0 0-16 16v32a16 16 0 0 0 16 16h416a16 16 0 0 0 16-16v-32a16 16 0 0 0-16-16H352v-32h240a48 48 0 0 0 48-48V48a48 48 0 0 0-48-48zm-16 352H64V64h512z\"><\/path><\/svg>\t\t\t\t\t\t<\/span>\n\t\t\t\t\t\t\t\t\t\t<span class=\"elementor-icon-list-text\">TV<\/span>\n\t\t\t\t\t\t\t\t\t<\/li>\n\t\t\t\t\t\t\t\t<li class=\"elementor-icon-list-item elementor-inline-item\">\n\t\t\t\t\t\t\t\t\t\t\t<span class=\"elementor-icon-list-icon\">\n\t\t\t\t\t\t\t<svg aria-hidden=\"true\" class=\"e-font-icon-svg e-fas-bath\" viewBox=\"0 0 512 512\" xmlns=\"http:\/\/www.w3.org\/2000\/svg\"><path d=\"M32,384a95.4,95.4,0,0,0,32,71.09V496a16,16,0,0,0,16,16h32a16,16,0,0,0,16-16V480H384v16a16,16,0,0,0,16,16h32a16,16,0,0,0,16-16V455.09A95.4,95.4,0,0,0,480,384V336H32ZM496,256H80V69.25a21.26,21.26,0,0,1,36.28-15l19.27,19.26c-13.13,29.88-7.61,59.11,8.62,79.73l-.17.17A16,16,0,0,0,144,176l11.31,11.31a16,16,0,0,0,22.63,0L283.31,81.94a16,16,0,0,0,0-22.63L272,48a16,16,0,0,0-22.62,0l-.17.17c-20.62-16.23-49.83-21.75-79.73-8.62L150.22,20.28A69.25,69.25,0,0,0,32,69.25V256H16A16,16,0,0,0,0,272v16a16,16,0,0,0,16,16H496a16,16,0,0,0,16-16V272A16,16,0,0,0,496,256Z\"><\/path><\/svg>\t\t\t\t\t\t<\/span>\n\t\t\t\t\t\t\t\t\t\t<span class=\"elementor-icon-list-text\">Cuarto de ba\u00f1o individual<\/span>\n\t\t\t\t\t\t\t\t\t<\/li>\n\t\t\t\t\t\t\t\t<li class=\"elementor-icon-list-item elementor-inline-item\">\n\t\t\t\t\t\t\t\t\t\t\t<span class=\"elementor-icon-list-icon\">\n\t\t\t\t\t\t\t<i aria-hidden=\"true\" class=\"eci  Iconos-wash2\"><\/i>\t\t\t\t\t\t<\/span>\n\t\t\t\t\t\t\t\t\t\t<span class=\"elementor-icon-list-text\">Lavadora<\/span>\n\t\t\t\t\t\t\t\t\t<\/li>\n\t\t\t\t\t\t\t\t<li class=\"elementor-icon-list-item elementor-inline-item\">\n\t\t\t\t\t\t\t\t\t\t\t<span class=\"elementor-icon-list-icon\">\n\t\t\t\t\t\t\t<i aria-hidden=\"true\" class=\"eci  Iconos-wash1\"><\/i>\t\t\t\t\t\t<\/span>\n\t\t\t\t\t\t\t\t\t\t<span class=\"elementor-icon-list-text\">Secadora<\/span>\n\t\t\t\t\t\t\t\t\t<\/li>\n\t\t\t\t\t\t\t\t<li class=\"elementor-icon-list-item elementor-inline-item\">\n\t\t\t\t\t\t\t\t\t\t\t<span class=\"elementor-icon-list-icon\">\n\t\t\t\t\t\t\t<i aria-hidden=\"true\" class=\"eci  Iconos-kitchen2\"><\/i>\t\t\t\t\t\t<\/span>\n\t\t\t\t\t\t\t\t\t\t<span class=\"elementor-icon-list-text\">Cocina<\/span>\n\t\t\t\t\t\t\t\t\t<\/li>\n\t\t\t\t\t\t\t\t<li class=\"elementor-icon-list-item elementor-inline-item\">\n\t\t\t\t\t\t\t\t\t\t\t<span class=\"elementor-icon-list-icon\">\n\t\t\t\t\t\t\t<svg aria-hidden=\"true\" class=\"e-font-icon-svg e-fas-bread-slice\" viewBox=\"0 0 576 512\" xmlns=\"http:\/\/www.w3.org\/2000\/svg\"><path d=\"M288 0C108 0 0 93.4 0 169.14 0 199.44 24.24 224 64 224v256c0 17.67 16.12 32 36 32h376c19.88 0 36-14.33 36-32V224c39.76 0 64-24.56 64-54.86C576 93.4 468 0 288 0z\"><\/path><\/svg>\t\t\t\t\t\t<\/span>\n\t\t\t\t\t\t\t\t\t\t<span class=\"elementor-icon-list-text\">Cerca de panaderia<\/span>\n\t\t\t\t\t\t\t\t\t<\/li>\n\t\t\t\t\t\t\t\t<li class=\"elementor-icon-list-item elementor-inline-item\">\n\t\t\t\t\t\t\t\t\t\t\t<span class=\"elementor-icon-list-icon\">\n\t\t\t\t\t\t\t<svg aria-hidden=\"true\" class=\"e-font-icon-svg e-fas-birthday-cake\" viewBox=\"0 0 448 512\" xmlns=\"http:\/\/www.w3.org\/2000\/svg\"><path d=\"M448 384c-28.02 0-31.26-32-74.5-32-43.43 0-46.825 32-74.75 32-27.695 0-31.454-32-74.75-32-42.842 0-47.218 32-74.5 32-28.148 0-31.202-32-74.75-32-43.547 0-46.653 32-74.75 32v-80c0-26.5 21.5-48 48-48h16V112h64v144h64V112h64v144h64V112h64v144h16c26.5 0 48 21.5 48 48v80zm0 128H0v-96c43.356 0 46.767-32 74.75-32 27.951 0 31.253 32 74.75 32 42.843 0 47.217-32 74.5-32 28.148 0 31.201 32 74.75 32 43.357 0 46.767-32 74.75-32 27.488 0 31.252 32 74.5 32v96zM96 96c-17.75 0-32-14.25-32-32 0-31 32-23 32-64 12 0 32 29.5 32 56s-14.25 40-32 40zm128 0c-17.75 0-32-14.25-32-32 0-31 32-23 32-64 12 0 32 29.5 32 56s-14.25 40-32 40zm128 0c-17.75 0-32-14.25-32-32 0-31 32-23 32-64 12 0 32 29.5 32 56s-14.25 40-32 40z\"><\/path><\/svg>\t\t\t\t\t\t<\/span>\n\t\t\t\t\t\t\t\t\t\t<span class=\"elementor-icon-list-text\">Cerca de pasteleria<\/span>\n\t\t\t\t\t\t\t\t\t<\/li>\n\t\t\t\t\t\t\t\t<li class=\"elementor-icon-list-item elementor-inline-item\">\n\t\t\t\t\t\t\t\t\t\t\t<span class=\"elementor-icon-list-icon\">\n\t\t\t\t\t\t\t<i aria-hidden=\"true\" class=\"eci  Iconos-2913536\"><\/i>\t\t\t\t\t\t<\/span>\n\t\t\t\t\t\t\t\t\t\t<span class=\"elementor-icon-list-text\">Limpieza<\/span>\n\t\t\t\t\t\t\t\t\t<\/li>\n\t\t\t\t\t\t\t\t<li class=\"elementor-icon-list-item elementor-inline-item\">\n\t\t\t\t\t\t\t\t\t\t\t<span class=\"elementor-icon-list-icon\">\n\t\t\t\t\t\t\t<i aria-hidden=\"true\" class=\"eci  Iconos-terraza\"><\/i>\t\t\t\t\t\t<\/span>\n\t\t\t\t\t\t\t\t\t\t<span class=\"elementor-icon-list-text\">Terraza<\/span>\n\t\t\t\t\t\t\t\t\t<\/li>\n\t\t\t\t\t\t\t\t<li class=\"elementor-icon-list-item elementor-inline-item\">\n\t\t\t\t\t\t\t\t\t\t\t<span class=\"elementor-icon-list-icon\">\n\t\t\t\t\t\t\t<i aria-hidden=\"true\" class=\"eci  Iconos-kitchen\"><\/i>\t\t\t\t\t\t<\/span>\n\t\t\t\t\t\t\t\t\t\t<span class=\"elementor-icon-list-text\">Equipamiento de cocina<\/span>\n\t\t\t\t\t\t\t\t\t<\/li>\n\t\t\t\t\t\t\t\t<li class=\"elementor-icon-list-item elementor-inline-item\">\n\t\t\t\t\t\t\t\t\t\t\t<span class=\"elementor-icon-list-icon\">\n\t\t\t\t\t\t\t<i aria-hidden=\"true\" class=\"eci  Iconos-3034145\"><\/i>\t\t\t\t\t\t<\/span>\n\t\t\t\t\t\t\t\t\t\t<span class=\"elementor-icon-list-text\">Apto para familias y ni\u00f1os<\/span>\n\t\t\t\t\t\t\t\t\t<\/li>\n\t\t\t\t\t\t\t\t<li class=\"elementor-icon-list-item elementor-inline-item\">\n\t\t\t\t\t\t\t\t\t\t\t<span class=\"elementor-icon-list-icon\">\n\t\t\t\t\t\t\t<svg aria-hidden=\"true\" class=\"e-font-icon-svg e-fas-bus\" viewBox=\"0 0 512 512\" xmlns=\"http:\/\/www.w3.org\/2000\/svg\"><path d=\"M488 128h-8V80c0-44.8-99.2-80-224-80S32 35.2 32 80v48h-8c-13.25 0-24 10.74-24 24v80c0 13.25 10.75 24 24 24h8v160c0 17.67 14.33 32 32 32v32c0 17.67 14.33 32 32 32h32c17.67 0 32-14.33 32-32v-32h192v32c0 17.67 14.33 32 32 32h32c17.67 0 32-14.33 32-32v-32h6.4c16 0 25.6-12.8 25.6-25.6V256h8c13.25 0 24-10.75 24-24v-80c0-13.26-10.75-24-24-24zM112 400c-17.67 0-32-14.33-32-32s14.33-32 32-32 32 14.33 32 32-14.33 32-32 32zm16-112c-17.67 0-32-14.33-32-32V128c0-17.67 14.33-32 32-32h256c17.67 0 32 14.33 32 32v128c0 17.67-14.33 32-32 32H128zm272 112c-17.67 0-32-14.33-32-32s14.33-32 32-32 32 14.33 32 32-14.33 32-32 32z\"><\/path><\/svg>\t\t\t\t\t\t<\/span>\n\t\t\t\t\t\t\t\t\t\t<span class=\"elementor-icon-list-text\">Cerca de autobuses<\/span>\n\t\t\t\t\t\t\t\t\t<\/li>\n\t\t\t\t\t\t\t\t<li class=\"elementor-icon-list-item elementor-inline-item\">\n\t\t\t\t\t\t\t\t\t\t\t<span class=\"elementor-icon-list-icon\">\n\t\t\t\t\t\t\t<svg aria-hidden=\"true\" class=\"e-font-icon-svg e-fas-clinic-medical\" viewBox=\"0 0 576 512\" xmlns=\"http:\/\/www.w3.org\/2000\/svg\"><path d=\"M288 115L69.47 307.71c-1.62 1.46-3.69 2.14-5.47 3.35V496a16 16 0 0 0 16 16h416a16 16 0 0 0 16-16V311.1c-1.7-1.16-3.72-1.82-5.26-3.2zm96 261a8 8 0 0 1-8 8h-56v56a8 8 0 0 1-8 8h-48a8 8 0 0 1-8-8v-56h-56a8 8 0 0 1-8-8v-48a8 8 0 0 1 8-8h56v-56a8 8 0 0 1 8-8h48a8 8 0 0 1 8 8v56h56a8 8 0 0 1 8 8zm186.69-139.72l-255.94-226a39.85 39.85 0 0 0-53.45 0l-256 226a16 16 0 0 0-1.21 22.6L25.5 282.7a16 16 0 0 0 22.6 1.21L277.42 81.63a16 16 0 0 1 21.17 0L527.91 283.9a16 16 0 0 0 22.6-1.21l21.4-23.82a16 16 0 0 0-1.22-22.59z\"><\/path><\/svg>\t\t\t\t\t\t<\/span>\n\t\t\t\t\t\t\t\t\t\t<span class=\"elementor-icon-list-text\">Cerca de farmacia<\/span>\n\t\t\t\t\t\t\t\t\t<\/li>\n\t\t\t\t\t\t\t\t<li class=\"elementor-icon-list-item elementor-inline-item\">\n\t\t\t\t\t\t\t\t\t\t\t<span class=\"elementor-icon-list-icon\">\n\t\t\t\t\t\t\t<svg aria-hidden=\"true\" class=\"e-font-icon-svg e-fas-train\" viewBox=\"0 0 448 512\" xmlns=\"http:\/\/www.w3.org\/2000\/svg\"><path d=\"M448 96v256c0 51.815-61.624 96-130.022 96l62.98 49.721C386.905 502.417 383.562 512 376 512H72c-7.578 0-10.892-9.594-4.957-14.279L130.022 448C61.82 448 0 403.954 0 352V96C0 42.981 64 0 128 0h192c65 0 128 42.981 128 96zm-48 136V120c0-13.255-10.745-24-24-24H72c-13.255 0-24 10.745-24 24v112c0 13.255 10.745 24 24 24h304c13.255 0 24-10.745 24-24zm-176 64c-30.928 0-56 25.072-56 56s25.072 56 56 56 56-25.072 56-56-25.072-56-56-56z\"><\/path><\/svg>\t\t\t\t\t\t<\/span>\n\t\t\t\t\t\t\t\t\t\t<span class=\"elementor-icon-list-text\">Cerca del tren<\/span>\n\t\t\t\t\t\t\t\t\t<\/li>\n\t\t\t\t\t\t\t\t<li class=\"elementor-icon-list-item elementor-inline-item\">\n\t\t\t\t\t\t\t\t\t\t\t<span class=\"elementor-icon-list-icon\">\n\t\t\t\t\t\t\t<svg aria-hidden=\"true\" class=\"e-font-icon-svg e-fas-film\" viewBox=\"0 0 512 512\" xmlns=\"http:\/\/www.w3.org\/2000\/svg\"><path d=\"M488 64h-8v20c0 6.6-5.4 12-12 12h-40c-6.6 0-12-5.4-12-12V64H96v20c0 6.6-5.4 12-12 12H44c-6.6 0-12-5.4-12-12V64h-8C10.7 64 0 74.7 0 88v336c0 13.3 10.7 24 24 24h8v-20c0-6.6 5.4-12 12-12h40c6.6 0 12 5.4 12 12v20h320v-20c0-6.6 5.4-12 12-12h40c6.6 0 12 5.4 12 12v20h8c13.3 0 24-10.7 24-24V88c0-13.3-10.7-24-24-24zM96 372c0 6.6-5.4 12-12 12H44c-6.6 0-12-5.4-12-12v-40c0-6.6 5.4-12 12-12h40c6.6 0 12 5.4 12 12v40zm0-96c0 6.6-5.4 12-12 12H44c-6.6 0-12-5.4-12-12v-40c0-6.6 5.4-12 12-12h40c6.6 0 12 5.4 12 12v40zm0-96c0 6.6-5.4 12-12 12H44c-6.6 0-12-5.4-12-12v-40c0-6.6 5.4-12 12-12h40c6.6 0 12 5.4 12 12v40zm272 208c0 6.6-5.4 12-12 12H156c-6.6 0-12-5.4-12-12v-96c0-6.6 5.4-12 12-12h200c6.6 0 12 5.4 12 12v96zm0-168c0 6.6-5.4 12-12 12H156c-6.6 0-12-5.4-12-12v-96c0-6.6 5.4-12 12-12h200c6.6 0 12 5.4 12 12v96zm112 152c0 6.6-5.4 12-12 12h-40c-6.6 0-12-5.4-12-12v-40c0-6.6 5.4-12 12-12h40c6.6 0 12 5.4 12 12v40zm0-96c0 6.6-5.4 12-12 12h-40c-6.6 0-12-5.4-12-12v-40c0-6.6 5.4-12 12-12h40c6.6 0 12 5.4 12 12v40zm0-96c0 6.6-5.4 12-12 12h-40c-6.6 0-12-5.4-12-12v-40c0-6.6 5.4-12 12-12h40c6.6 0 12 5.4 12 12v40z\"><\/path><\/svg>\t\t\t\t\t\t<\/span>\n\t\t\t\t\t\t\t\t\t\t<span class=\"elementor-icon-list-text\">Cerca del cine<\/span>\n\t\t\t\t\t\t\t\t\t<\/li>\n\t\t\t\t\t\t\t\t<li class=\"elementor-icon-list-item elementor-inline-item\">\n\t\t\t\t\t\t\t\t\t\t\t<span class=\"elementor-icon-list-icon\">\n\t\t\t\t\t\t\t<svg aria-hidden=\"true\" class=\"e-font-icon-svg e-fas-camera\" viewBox=\"0 0 512 512\" xmlns=\"http:\/\/www.w3.org\/2000\/svg\"><path d=\"M512 144v288c0 26.5-21.5 48-48 48H48c-26.5 0-48-21.5-48-48V144c0-26.5 21.5-48 48-48h88l12.3-32.9c7-18.7 24.9-31.1 44.9-31.1h125.5c20 0 37.9 12.4 44.9 31.1L376 96h88c26.5 0 48 21.5 48 48zM376 288c0-66.2-53.8-120-120-120s-120 53.8-120 120 53.8 120 120 120 120-53.8 120-120zm-32 0c0 48.5-39.5 88-88 88s-88-39.5-88-88 39.5-88 88-88 88 39.5 88 88z\"><\/path><\/svg>\t\t\t\t\t\t<\/span>\n\t\t\t\t\t\t\t\t\t\t<span class=\"elementor-icon-list-text\">Cerca de lugares de inter\u00e9s tur\u00edstico<\/span>\n\t\t\t\t\t\t\t\t\t<\/li>\n\t\t\t\t\t\t<\/ul>\n\t\t\t\t\t\t<\/div>\n\t\t\t\t<\/div>\n\t\t\t\t\t<\/div>\n\t\t<\/div>\n\t\t\t\t\t<\/div>\n\t\t<\/section>\n\t\t\t\t\t<\/div>\n\t\t<\/div>\n\t\t\t\t\t<\/div>\n\t\t<\/section>\n\t\t\t\t<\/div>\n\t\t","protected":false},"excerpt":{"rendered":"<p>Apartamento Deluxe con terraza Apartamentos Centro Jardines Anterior Siguiente x4 x2 Cocina Sof\u00e1 cama Ducha Apartamento deluxe con terraza Descripci\u00f3n Entorno Localizaci\u00f3n Descripci\u00f3n Apartamento Estandar con capacidad para 4 personas, cuenta con un dormitorio con 2 camas individuales de 0,90 x 1,80 o la posibilidad de juntarlas haciendo una cama de 1,80. Tambi\u00e9n cuenta con [&hellip;]<\/p>\n","protected":false},"author":1,"featured_media":0,"parent":0,"menu_order":0,"comment_status":"closed","ping_status":"closed","template":"elementor_header_footer","meta":{"_acf_changed":false,"footnotes":""},"class_list":["post-1831","page","type-page","status-publish","hentry"],"acf":[],"yoast_head":"<!-- This site is optimized with the Yoast SEO plugin v27.5 - https:\/\/yoast.com\/product\/yoast-seo-wordpress\/ -->\n<title>Apartamento deluxe con terraza - Centro Apartments<\/title>\n<meta name=\"robots\" content=\"index, follow, max-snippet:-1, max-image-preview:large, max-video-preview:-1\" \/>\n<link rel=\"canonical\" href=\"https:\/\/apartamentos-centro.com\/en\/apartamento-deluxe-con-terraza\/\" \/>\n<meta property=\"og:locale\" content=\"es_ES\" \/>\n<meta property=\"og:type\" content=\"article\" \/>\n<meta property=\"og:title\" content=\"Apartamento deluxe con terraza - Centro Apartments\" \/>\n<meta property=\"og:description\" content=\"Apartamento Deluxe con terraza Apartamentos Centro Jardines Anterior Siguiente x4 x2 Cocina Sof\u00e1 cama Ducha Apartamento deluxe con terraza Descripci\u00f3n Entorno Localizaci\u00f3n Descripci\u00f3n Apartamento Estandar con capacidad para 4 personas, cuenta con un dormitorio con 2 camas individuales de 0,90 x 1,80 o la posibilidad de juntarlas haciendo una cama de 1,80. Tambi\u00e9n cuenta con [&hellip;]\" \/>\n<meta property=\"og:url\" content=\"https:\/\/apartamentos-centro.com\/en\/apartamento-deluxe-con-terraza\/\" \/>\n<meta property=\"og:site_name\" content=\"Centro Apartments\" \/>\n<meta property=\"article:modified_time\" content=\"2022-08-23T10:17:55+00:00\" \/>\n<meta property=\"og:image\" content=\"https:\/\/apartamentos-centro.com\/wp-content\/uploads\/sites\/2\/Logo-Apartamentos-Centro.webp\" \/>\n<meta name=\"twitter:card\" content=\"summary_large_image\" \/>\n<meta name=\"twitter:label1\" content=\"Tiempo de lectura\" \/>\n\t<meta name=\"twitter:data1\" content=\"1 minuto\" \/>\n<script type=\"application\/ld+json\" class=\"yoast-schema-graph\">{\"@context\":\"https:\\\/\\\/schema.org\",\"@graph\":[{\"@type\":\"WebPage\",\"@id\":\"https:\\\/\\\/apartamentos-centro.com\\\/en\\\/apartamento-deluxe-con-terraza\\\/\",\"url\":\"https:\\\/\\\/apartamentos-centro.com\\\/en\\\/apartamento-deluxe-con-terraza\\\/\",\"name\":\"Apartamento deluxe con terraza - Centro Apartments\",\"isPartOf\":{\"@id\":\"https:\\\/\\\/apartamentos-centro.com\\\/en\\\/#website\"},\"primaryImageOfPage\":{\"@id\":\"https:\\\/\\\/apartamentos-centro.com\\\/en\\\/apartamento-deluxe-con-terraza\\\/#primaryimage\"},\"image\":{\"@id\":\"https:\\\/\\\/apartamentos-centro.com\\\/en\\\/apartamento-deluxe-con-terraza\\\/#primaryimage\"},\"thumbnailUrl\":\"https:\\\/\\\/apartamentos-centro.com\\\/wp-content\\\/uploads\\\/sites\\\/2\\\/Logo-Apartamentos-Centro.webp\",\"datePublished\":\"2022-08-23T10:17:31+00:00\",\"dateModified\":\"2022-08-23T10:17:55+00:00\",\"breadcrumb\":{\"@id\":\"https:\\\/\\\/apartamentos-centro.com\\\/en\\\/apartamento-deluxe-con-terraza\\\/#breadcrumb\"},\"inLanguage\":\"es\",\"potentialAction\":[{\"@type\":\"ReadAction\",\"target\":[\"https:\\\/\\\/apartamentos-centro.com\\\/en\\\/apartamento-deluxe-con-terraza\\\/\"]}]},{\"@type\":\"ImageObject\",\"inLanguage\":\"es\",\"@id\":\"https:\\\/\\\/apartamentos-centro.com\\\/en\\\/apartamento-deluxe-con-terraza\\\/#primaryimage\",\"url\":\"https:\\\/\\\/apartamentos-centro.com\\\/wp-content\\\/uploads\\\/sites\\\/2\\\/Logo-Apartamentos-Centro.webp\",\"contentUrl\":\"https:\\\/\\\/apartamentos-centro.com\\\/wp-content\\\/uploads\\\/sites\\\/2\\\/Logo-Apartamentos-Centro.webp\"},{\"@type\":\"BreadcrumbList\",\"@id\":\"https:\\\/\\\/apartamentos-centro.com\\\/en\\\/apartamento-deluxe-con-terraza\\\/#breadcrumb\",\"itemListElement\":[{\"@type\":\"ListItem\",\"position\":1,\"name\":\"Portada\",\"item\":\"https:\\\/\\\/apartamentos-centro.com\\\/en\\\/\"},{\"@type\":\"ListItem\",\"position\":2,\"name\":\"Apartamento deluxe con terraza\"}]},{\"@type\":\"WebSite\",\"@id\":\"https:\\\/\\\/apartamentos-centro.com\\\/en\\\/#website\",\"url\":\"https:\\\/\\\/apartamentos-centro.com\\\/en\\\/\",\"name\":\"Centro Apartments\",\"description\":\"en el coraz\u00f3n de Madrid\",\"publisher\":{\"@id\":\"https:\\\/\\\/apartamentos-centro.com\\\/en\\\/#organization\"},\"potentialAction\":[{\"@type\":\"SearchAction\",\"target\":{\"@type\":\"EntryPoint\",\"urlTemplate\":\"https:\\\/\\\/apartamentos-centro.com\\\/en\\\/?s={search_term_string}\"},\"query-input\":{\"@type\":\"PropertyValueSpecification\",\"valueRequired\":true,\"valueName\":\"search_term_string\"}}],\"inLanguage\":\"es\"},{\"@type\":\"Organization\",\"@id\":\"https:\\\/\\\/apartamentos-centro.com\\\/en\\\/#organization\",\"name\":\"Centro Apartments\",\"url\":\"https:\\\/\\\/apartamentos-centro.com\\\/en\\\/\",\"logo\":{\"@type\":\"ImageObject\",\"inLanguage\":\"es\",\"@id\":\"https:\\\/\\\/apartamentos-centro.com\\\/en\\\/#\\\/schema\\\/logo\\\/image\\\/\",\"url\":\"https:\\\/\\\/apartamentos-centro.com\\\/en\\\/wp-content\\\/uploads\\\/sites\\\/2\\\/Logo-Apartamentos-Centro.webp\",\"contentUrl\":\"https:\\\/\\\/apartamentos-centro.com\\\/en\\\/wp-content\\\/uploads\\\/sites\\\/2\\\/Logo-Apartamentos-Centro.webp\",\"width\":250,\"height\":168,\"caption\":\"Centro Apartments\"},\"image\":{\"@id\":\"https:\\\/\\\/apartamentos-centro.com\\\/en\\\/#\\\/schema\\\/logo\\\/image\\\/\"}}]}<\/script>\n<!-- \/ Yoast SEO plugin. -->","yoast_head_json":{"title":"Apartamento deluxe con terraza - Centro Apartments","robots":{"index":"index","follow":"follow","max-snippet":"max-snippet:-1","max-image-preview":"max-image-preview:large","max-video-preview":"max-video-preview:-1"},"canonical":"https:\/\/apartamentos-centro.com\/en\/apartamento-deluxe-con-terraza\/","og_locale":"es_ES","og_type":"article","og_title":"Apartamento deluxe con terraza - Centro Apartments","og_description":"Apartamento Deluxe con terraza Apartamentos Centro Jardines Anterior Siguiente x4 x2 Cocina Sof\u00e1 cama Ducha Apartamento deluxe con terraza Descripci\u00f3n Entorno Localizaci\u00f3n Descripci\u00f3n Apartamento Estandar con capacidad para 4 personas, cuenta con un dormitorio con 2 camas individuales de 0,90 x 1,80 o la posibilidad de juntarlas haciendo una cama de 1,80. Tambi\u00e9n cuenta con [&hellip;]","og_url":"https:\/\/apartamentos-centro.com\/en\/apartamento-deluxe-con-terraza\/","og_site_name":"Centro Apartments","article_modified_time":"2022-08-23T10:17:55+00:00","og_image":[{"url":"https:\/\/apartamentos-centro.com\/wp-content\/uploads\/sites\/2\/Logo-Apartamentos-Centro.webp","type":"","width":"","height":""}],"twitter_card":"summary_large_image","twitter_misc":{"Tiempo de lectura":"1 minuto"},"schema":{"@context":"https:\/\/schema.org","@graph":[{"@type":"WebPage","@id":"https:\/\/apartamentos-centro.com\/en\/apartamento-deluxe-con-terraza\/","url":"https:\/\/apartamentos-centro.com\/en\/apartamento-deluxe-con-terraza\/","name":"Apartamento deluxe con terraza - Centro Apartments","isPartOf":{"@id":"https:\/\/apartamentos-centro.com\/en\/#website"},"primaryImageOfPage":{"@id":"https:\/\/apartamentos-centro.com\/en\/apartamento-deluxe-con-terraza\/#primaryimage"},"image":{"@id":"https:\/\/apartamentos-centro.com\/en\/apartamento-deluxe-con-terraza\/#primaryimage"},"thumbnailUrl":"https:\/\/apartamentos-centro.com\/wp-content\/uploads\/sites\/2\/Logo-Apartamentos-Centro.webp","datePublished":"2022-08-23T10:17:31+00:00","dateModified":"2022-08-23T10:17:55+00:00","breadcrumb":{"@id":"https:\/\/apartamentos-centro.com\/en\/apartamento-deluxe-con-terraza\/#breadcrumb"},"inLanguage":"es","potentialAction":[{"@type":"ReadAction","target":["https:\/\/apartamentos-centro.com\/en\/apartamento-deluxe-con-terraza\/"]}]},{"@type":"ImageObject","inLanguage":"es","@id":"https:\/\/apartamentos-centro.com\/en\/apartamento-deluxe-con-terraza\/#primaryimage","url":"https:\/\/apartamentos-centro.com\/wp-content\/uploads\/sites\/2\/Logo-Apartamentos-Centro.webp","contentUrl":"https:\/\/apartamentos-centro.com\/wp-content\/uploads\/sites\/2\/Logo-Apartamentos-Centro.webp"},{"@type":"BreadcrumbList","@id":"https:\/\/apartamentos-centro.com\/en\/apartamento-deluxe-con-terraza\/#breadcrumb","itemListElement":[{"@type":"ListItem","position":1,"name":"Portada","item":"https:\/\/apartamentos-centro.com\/en\/"},{"@type":"ListItem","position":2,"name":"Apartamento deluxe con terraza"}]},{"@type":"WebSite","@id":"https:\/\/apartamentos-centro.com\/en\/#website","url":"https:\/\/apartamentos-centro.com\/en\/","name":"Centro Apartments","description":"en el coraz\u00f3n de Madrid","publisher":{"@id":"https:\/\/apartamentos-centro.com\/en\/#organization"},"potentialAction":[{"@type":"SearchAction","target":{"@type":"EntryPoint","urlTemplate":"https:\/\/apartamentos-centro.com\/en\/?s={search_term_string}"},"query-input":{"@type":"PropertyValueSpecification","valueRequired":true,"valueName":"search_term_string"}}],"inLanguage":"es"},{"@type":"Organization","@id":"https:\/\/apartamentos-centro.com\/en\/#organization","name":"Centro Apartments","url":"https:\/\/apartamentos-centro.com\/en\/","logo":{"@type":"ImageObject","inLanguage":"es","@id":"https:\/\/apartamentos-centro.com\/en\/#\/schema\/logo\/image\/","url":"https:\/\/apartamentos-centro.com\/en\/wp-content\/uploads\/sites\/2\/Logo-Apartamentos-Centro.webp","contentUrl":"https:\/\/apartamentos-centro.com\/en\/wp-content\/uploads\/sites\/2\/Logo-Apartamentos-Centro.webp","width":250,"height":168,"caption":"Centro Apartments"},"image":{"@id":"https:\/\/apartamentos-centro.com\/en\/#\/schema\/logo\/image\/"}}]}},"_links":{"self":[{"href":"https:\/\/apartamentos-centro.com\/en\/wp-json\/wp\/v2\/pages\/1831","targetHints":{"allow":["GET"]}}],"collection":[{"href":"https:\/\/apartamentos-centro.com\/en\/wp-json\/wp\/v2\/pages"}],"about":[{"href":"https:\/\/apartamentos-centro.com\/en\/wp-json\/wp\/v2\/types\/page"}],"author":[{"embeddable":true,"href":"https:\/\/apartamentos-centro.com\/en\/wp-json\/wp\/v2\/users\/1"}],"replies":[{"embeddable":true,"href":"https:\/\/apartamentos-centro.com\/en\/wp-json\/wp\/v2\/comments?post=1831"}],"version-history":[{"count":3,"href":"https:\/\/apartamentos-centro.com\/en\/wp-json\/wp\/v2\/pages\/1831\/revisions"}],"predecessor-version":[{"id":1975,"href":"https:\/\/apartamentos-centro.com\/en\/wp-json\/wp\/v2\/pages\/1831\/revisions\/1975"}],"wp:attachment":[{"href":"https:\/\/apartamentos-centro.com\/en\/wp-json\/wp\/v2\/media?parent=1831"}],"curies":[{"name":"wp","href":"https:\/\/api.w.org\/{rel}","templated":true}]}}